{"id":3738,"date":"2021-07-09T18:28:50","date_gmt":"2021-07-09T18:28:50","guid":{"rendered":"https:\/\/www.lennuk.eu\/korstnik\/korstnik\/raivo\/?page_id=3738"},"modified":"2021-07-09T19:14:10","modified_gmt":"2021-07-09T19:14:10","slug":"sotsrealismist-modernismini-avangard-galeriis","status":"publish","type":"page","link":"https:\/\/raivo.korstnik.eu\/en\/naitused\/sotsrealismist-modernismini-avangard-galeriis\/","title":{"rendered":"Sotsrealismist modernismini. Avangard galeriis"},"content":{"rendered":"<div data-elementor-type=\"wp-page\" data-elementor-id=\"3738\" class=\"elementor elementor-3738\">\n\t\t\t\t\t\t<section class=\"elementor-section elementor-top-section elementor-element elementor-element-57f15351 elementor-section-boxed elementor-section-height-default elementor-section-height-default\" data-id=\"57f15351\" data-element_type=\"section\" data-e-type=\"section\">\n\t\t\t\t\t\t<div class=\"elementor-container elementor-column-gap-default\">\n\t\t\t\t\t<div class=\"elementor-column elementor-col-100 elementor-top-column elementor-element elementor-element-2f9f8760\" data-id=\"2f9f8760\" data-element_type=\"column\" data-e-type=\"column\">\n\t\t\t<div class=\"elementor-widget-wrap elementor-element-populated\">\n\t\t\t\t\t\t<div class=\"elementor-element elementor-element-325a5013 elementor-invisible elementor-widget elementor-widget-heading\" data-id=\"325a5013\" data-element_type=\"widget\" data-e-type=\"widget\" data-settings=\"{&quot;_animation&quot;:&quot;fadeInLeft&quot;}\" data-widget_type=\"heading.default\">\n\t\t\t\t<div class=\"elementor-widget-container\">\n\t\t\t\t\t<h1 class=\"elementor-heading-title elementor-size-default\">Tagasivaates: sotsrealismist modernismini<\/h1>\t\t\t\t<\/div>\n\t\t\t\t<\/div>\n\t\t\t\t<div class=\"elementor-element elementor-element-3531caa8 elementor-invisible elementor-widget elementor-widget-heading\" data-id=\"3531caa8\" data-element_type=\"widget\" data-e-type=\"widget\" data-settings=\"{&quot;_animation&quot;:&quot;fadeInLeft&quot;}\" data-widget_type=\"heading.default\">\n\t\t\t\t<div class=\"elementor-widget-container\">\n\t\t\t\t\t<h2 class=\"elementor-heading-title elementor-size-default\">Pa\u0308rnu Avangard galeriis 24.07.2017 \u2013 06.08.2017<\/h2>\t\t\t\t<\/div>\n\t\t\t\t<\/div>\n\t\t\t\t\t<\/div>\n\t\t<\/div>\n\t\t\t\t\t<\/div>\n\t\t<\/section>\n\t\t\t\t<section class=\"elementor-section elementor-top-section elementor-element elementor-element-49061156 elementor-section-boxed elementor-section-height-default elementor-section-height-default\" data-id=\"49061156\" data-element_type=\"section\" data-e-type=\"section\">\n\t\t\t\t\t\t<div class=\"elementor-container elementor-column-gap-default\">\n\t\t\t\t\t<div class=\"elementor-column elementor-col-50 elementor-top-column elementor-element elementor-element-62abbcfd\" data-id=\"62abbcfd\" data-element_type=\"column\" data-e-type=\"column\">\n\t\t\t<div class=\"elementor-widget-wrap elementor-element-populated\">\n\t\t\t\t\t\t<div class=\"elementor-element elementor-element-4cf7b96e elementor-widget elementor-widget-text-editor\" data-id=\"4cf7b96e\" data-element_type=\"widget\" data-e-type=\"widget\" data-widget_type=\"text-editor.default\">\n\t\t\t\t<div class=\"elementor-widget-container\">\n\t\t\t\t\t\t\t\t\t<p><strong>RAIVO KORSTNIK \u201cTagasivaates: sotsrealismist modernismini\u201d &#8211; juubelin\u00e4itus Avangard Galeriis.<\/strong><br \/><strong>Avamine: neljap\u00e4eval, 20. juulil kell 18:30<\/strong><\/p><p>85. juubeliaastale p\u00fchendatud retrospektiivn\u00e4itus \u201cTagasivaates: sotsrealismist modernismini\u201d annab l\u00e4bil\u00f5ike Raivo Korstniku (1932-1992) loomingust 1950-ndate aastate l\u00f5pust kuni 1992. aastani. Suur osa eksponeeritavat loomingust j\u00f5uab avalikkuse ette esmakordselt &#8211; teosed p\u00e4rinevad kunstniku perekonna erakogust ja on spetsiaalselt selle n\u00e4ituse tarbeks taastatud.<\/p><p>Kunstnikuna on Korstnik j\u00e4\u00e4nud Eesti kunstiajaloo m\u00fcstiliseks erakuks \u2014 tunnustatud ja tuntud kunstnikuks, kes aktiivsele n\u00e4itustegevusele eelistas \u00f5ppej\u00f5una t\u00f6\u00f6tamist. Teadaolevalt toimus kunstniku elu jooksul vaid \u00fcks isikn\u00e4itus. Kunstihariduse omandas ta ERKI-s (1951\u20131957). P\u00e4rast ERKI l\u00f5petamist algas 1960ndatel Korstniku loomingu tuntuim ja hinnatuim ajaj\u00e4rk. Sellesse aega mahub ka \u00fcks v\u00e4heseid Korstniku \u00fclesastumisi 1966. aasta noorten\u00e4itusel, mida loetakse Eesti kunstiajaloo \u00fcheks olulisimaks uuele kunstile keskendunud v\u00e4ljapanekuks.<\/p><p>Raivo Korstniku loomingut iseloomustab katsetamine \u017eanridega. 1960ndatel leiab tema teostest sotsrealismile omast ainest tehasemaastikest kuni t\u00f6\u00f6liste kujutamiseni. Samuti on teda seostatud stalinistlikust sotsrealismist v\u00e4ljakasvanud ja sellele vastandunud \u201ckarmi stiiliga\u201d, mis asendas paraadlikud detailid toorete ja j\u00f5uliste lakooniliste vormidega, tuues vaatajani tollase \u201challi argip\u00e4eva\u201d. 1970-ndatel j\u00f5uab tema looming suurema eksperimenteerimiseni ja esile kerkivad s\u00fcrrealistliku ja kubistliku tooniga teosed.<\/p><p>Aja jooksul v\u00f5tavad kunstniku loomeperioodi algust markeerivad \u00fcmarad ja klassikalised jooned j\u00e4rjest nurgelisemad vormid. Varaste aktide all v\u00f5ib hoolikal vaatlemisel n\u00e4ha metalset skeletti ja inimkehade transformeerumist bioonilisteks s\u00fcmbioosideks. Teoste s\u00fcrrealistlikku aspekti r\u00f5hutavad Korstniku d\u00fcsfunktsionaalsed s\u00fcmbioosid &#8211; n\u00e4iteks osaks inimkehast v\u00f5ivad saada sinna orgaaniliselt mittekuuluvad motiivid. N\u00e4itusel eksponeeritud maalikavanditelt vaatavad vastu \u201cKosmoseod\u00fcsseiast\u201d tuntud sket\u0161id paralleeluniversumitest, mis ka oma vormilt eiravad igasuguseid realismile omaseid reegleid.<\/p><p>Ootame teid l\u00e4bi kunsti r\u00e4ndama ajas ja ruumis!<\/p><p>N\u00e4itus j\u00e4\u00e4b avatuks kuni 1. augustini<br \/>Galerii on avatud: K-P 11-17.30 ja L-P 11-18<\/p><p>N\u00e4ituse koostasid: Maarja Korstnik ja Meelis Tammem\u00e4gi<br \/>N\u00e4itus on tehtud koost\u00f6\u00f6s Tartu \u00dclikooli kunstimuuseumiga.<br \/>N\u00e4itust toetab: Eesti Kultuurkapital, P\u00e4rnu Linnavalitsus.<\/p><p><strong>Kajastus:<\/strong><br \/><a href=\"https:\/\/kultuur.err.ee\/607521\/avangard-galeriis-saab-labiloike-raivo-korstniku-loomingust\">https:\/\/kultuur.err.ee\/607521\/avangard-galeriis-saab-labiloike-raivo-korstniku-loomingust<\/a><br \/><a href=\"https:\/\/www.facebook.com\/events\/152076782024425\/\">https:\/\/www.facebook.com\/events\/152076782024425\/<\/a><\/p>\t\t\t\t\t\t\t\t<\/div>\n\t\t\t\t<\/div>\n\t\t\t\t\t<\/div>\n\t\t<\/div>\n\t\t\t\t<div class=\"elementor-column elementor-col-50 elementor-top-column elementor-element elementor-element-59e7669a\" data-id=\"59e7669a\" data-element_type=\"column\" data-e-type=\"column\">\n\t\t\t<div class=\"elementor-widget-wrap elementor-element-populated\">\n\t\t\t\t\t\t<div class=\"elementor-element elementor-element-2ed72b73 elementor-widget elementor-widget-image\" data-id=\"2ed72b73\" data-element_type=\"widget\" data-e-type=\"widget\" data-widget_type=\"image.default\">\n\t\t\t\t<div class=\"elementor-widget-container\">\n\t\t\t\t\t\t\t\t\t\t\t\t\t\t\t<img fetchpriority=\"high\" decoding=\"async\" width=\"1030\" height=\"1030\" src=\"https:\/\/raivo.korstnik.eu\/wp-content\/uploads\/Tagasivaates-sotsrealismist-modernismini-1030x1030.jpg\" class=\"attachment-large size-large wp-image-3752\" alt=\"\" srcset=\"https:\/\/raivo.korstnik.eu\/wp-content\/uploads\/Tagasivaates-sotsrealismist-modernismini-1030x1030.jpg 1030w, https:\/\/raivo.korstnik.eu\/wp-content\/uploads\/Tagasivaates-sotsrealismist-modernismini-600x600.jpg 600w, https:\/\/raivo.korstnik.eu\/wp-content\/uploads\/Tagasivaates-sotsrealismist-modernismini-100x100.jpg 100w, https:\/\/raivo.korstnik.eu\/wp-content\/uploads\/Tagasivaates-sotsrealismist-modernismini-300x300.jpg 300w, https:\/\/raivo.korstnik.eu\/wp-content\/uploads\/Tagasivaates-sotsrealismist-modernismini-80x80.jpg 80w, https:\/\/raivo.korstnik.eu\/wp-content\/uploads\/Tagasivaates-sotsrealismist-modernismini-768x768.jpg 768w, https:\/\/raivo.korstnik.eu\/wp-content\/uploads\/Tagasivaates-sotsrealismist-modernismini-1536x1536.jpg 1536w, https:\/\/raivo.korstnik.eu\/wp-content\/uploads\/Tagasivaates-sotsrealismist-modernismini.jpg 2048w\" sizes=\"(max-width: 1030px) 100vw, 1030px\" \/>\t\t\t\t\t\t\t\t\t\t\t\t\t\t\t<\/div>\n\t\t\t\t<\/div>\n\t\t\t\t\t<\/div>\n\t\t<\/div>\n\t\t\t\t\t<\/div>\n\t\t<\/section>\n\t\t\t\t<section class=\"elementor-section elementor-top-section elementor-element elementor-element-c7f6d4f elementor-section-boxed elementor-section-height-default elementor-section-height-default\" data-id=\"c7f6d4f\" data-element_type=\"section\" data-e-type=\"section\">\n\t\t\t\t\t\t<div class=\"elementor-container elementor-column-gap-default\">\n\t\t\t\t\t<div class=\"elementor-column elementor-col-100 elementor-top-column elementor-element elementor-element-1315aeeb\" data-id=\"1315aeeb\" data-element_type=\"column\" data-e-type=\"column\">\n\t\t\t<div class=\"elementor-widget-wrap elementor-element-populated\">\n\t\t\t\t\t\t<div class=\"elementor-element elementor-element-36139cb8 elementor-widget elementor-widget-text-editor\" data-id=\"36139cb8\" data-element_type=\"widget\" data-e-type=\"widget\" data-widget_type=\"text-editor.default\">\n\t\t\t\t<div class=\"elementor-widget-container\">\n\t\t\t\t\t\t\t\t\t<h3>N\u00e4itusel olid teosed:<\/h3><p><div class=\"woocommerce columns-4\"><ul class=\"products columns-4\">\n<li class=\"product type-product post-2588 status-publish first instock product_cat-maastikud product_tag-70x50 product_tag-kontrolli product_tag-maastik product_tag-meri-ja-naised-viinistu-kunstimuuseumis product_tag-perekogu product_tag-raamitud product_tag-sotsrealismist-modernismini-avangardis has-post-thumbnail shipping-taxable product-type-simple\">\n\t<a href=\"https:\/\/raivo.korstnik.eu\/en\/kataloog\/110\/\" class=\"woocommerce-LoopProduct-link woocommerce-loop-product__link\"><img decoding=\"async\" width=\"600\" height=\"600\" src=\"https:\/\/raivo.korstnik.eu\/wp-content\/uploads\/140-600x600.png\" class=\"attachment-woocommerce_thumbnail size-woocommerce_thumbnail\" alt=\"Maastik\" srcset=\"https:\/\/raivo.korstnik.eu\/wp-content\/uploads\/140-600x600.png 600w, https:\/\/raivo.korstnik.eu\/wp-content\/uploads\/140-100x100.png 100w\" sizes=\"(max-width: 600px) 100vw, 600px\" \/><h2 class=\"woocommerce-loop-product__title\">Maastik<\/h2><\/a><\/li>\n<li class=\"product type-product post-2589 status-publish instock product_cat-maastikud product_tag-70x50 product_tag-maastik product_tag-meri-ja-naised-viinistu-kunstimuuseumis product_tag-perekogu product_tag-raamitud product_tag-sotsrealismist-modernismini-avangardis has-post-thumbnail shipping-taxable product-type-simple\">\n\t<a href=\"https:\/\/raivo.korstnik.eu\/en\/kataloog\/112\/\" class=\"woocommerce-LoopProduct-link woocommerce-loop-product__link\"><img decoding=\"async\" width=\"600\" height=\"600\" src=\"https:\/\/raivo.korstnik.eu\/wp-content\/uploads\/141-600x600.png\" class=\"attachment-woocommerce_thumbnail size-woocommerce_thumbnail\" alt=\"Maastik\" srcset=\"https:\/\/raivo.korstnik.eu\/wp-content\/uploads\/141-600x600.png 600w, https:\/\/raivo.korstnik.eu\/wp-content\/uploads\/141-100x100.png 100w\" sizes=\"(max-width: 600px) 100vw, 600px\" \/><h2 class=\"woocommerce-loop-product__title\">Maastik<\/h2><\/a><\/li>\n<li class=\"product type-product post-2319 status-publish outofstock product_cat-moodne product_cat-tartu-ulikooli-kunstimuuseumi-kogu product_tag-figuraalne product_tag-moodne product_tag-sah-kunst-solarises product_tag-salongis-ja-ateljees-solaris-galerii product_tag-sotsrealismist-modernismini-avangardis product_tag-tagasivaates-fahle-galeriis product_tag-tartu-tanavatel-tartu-kunstimajas product_tag-tukm has-post-thumbnail shipping-taxable product-type-simple\">\n\t<a href=\"https:\/\/raivo.korstnik.eu\/en\/kataloog\/330\/\" class=\"woocommerce-LoopProduct-link woocommerce-loop-product__link\"><img loading=\"lazy\" decoding=\"async\" width=\"600\" height=\"600\" src=\"https:\/\/raivo.korstnik.eu\/wp-content\/uploads\/RK330_MA180-600x600.jpg\" class=\"attachment-woocommerce_thumbnail size-woocommerce_thumbnail\" alt=\"T\u00e4nav\" srcset=\"https:\/\/raivo.korstnik.eu\/wp-content\/uploads\/RK330_MA180-600x600.jpg 600w, https:\/\/raivo.korstnik.eu\/wp-content\/uploads\/RK330_MA180-100x100.jpg 100w, https:\/\/raivo.korstnik.eu\/wp-content\/uploads\/RK330_MA180-80x80.jpg 80w\" sizes=\"(max-width: 600px) 100vw, 600px\" \/><h2 class=\"woocommerce-loop-product__title\">T\u00e4nav<\/h2><\/a><\/li>\n<li class=\"product type-product post-2738 status-publish last instock product_cat-moodne product_cat-aktid product_cat-figuraalne product_cat-portreed-ja-aktid product_tag-akt product_tag-kohvikus-fellin product_tag-meri-ja-naised-viinistu-kunstimuuseumis product_tag-moodne product_tag-perekogu product_tag-raamil product_tag-raamitud product_tag-salongis-ja-ateljees-solaris-galerii product_tag-sotsrealismist-modernismini-avangardis product_tag-tagasivaates-fahle-galeriis product_tag-tartu-tanavatel-tartu-kunstimajas has-post-thumbnail shipping-taxable product-type-simple\">\n\t<a href=\"https:\/\/raivo.korstnik.eu\/en\/kataloog\/600\/\" class=\"woocommerce-LoopProduct-link woocommerce-loop-product__link\"><img loading=\"lazy\" decoding=\"async\" width=\"600\" height=\"600\" src=\"https:\/\/raivo.korstnik.eu\/wp-content\/uploads\/189-1-600x600.png\" class=\"attachment-woocommerce_thumbnail size-woocommerce_thumbnail\" alt=\"Trepp\" srcset=\"https:\/\/raivo.korstnik.eu\/wp-content\/uploads\/189-1-600x600.png 600w, https:\/\/raivo.korstnik.eu\/wp-content\/uploads\/189-1-100x100.png 100w\" sizes=\"(max-width: 600px) 100vw, 600px\" \/><h2 class=\"woocommerce-loop-product__title\">Trepp<\/h2><\/a><\/li>\n<li class=\"product type-product post-2550 status-publish first instock product_cat-moodne product_cat-aktid product_cat-figuraalne product_cat-portreed-ja-aktid product_tag-70x50 product_tag-akt product_tag-kavand product_tag-meri-ja-naised-viinistu-kunstimuuseumis product_tag-moodne product_tag-perekogu product_tag-raamitud product_tag-salongis-ja-ateljees-solaris-galerii product_tag-sotsrealismist-modernismini-avangardis product_tag-tagasivaates-fahle-galeriis product_tag-tartu-tanavatel-tartu-kunstimajas has-post-thumbnail shipping-taxable product-type-simple\">\n\t<a href=\"https:\/\/raivo.korstnik.eu\/en\/kataloog\/601\/\" class=\"woocommerce-LoopProduct-link woocommerce-loop-product__link\"><img loading=\"lazy\" decoding=\"async\" width=\"600\" height=\"600\" src=\"https:\/\/raivo.korstnik.eu\/wp-content\/uploads\/126-600x600.png\" class=\"attachment-woocommerce_thumbnail size-woocommerce_thumbnail\" alt=\"Trepp (kartongil)\" srcset=\"https:\/\/raivo.korstnik.eu\/wp-content\/uploads\/126-600x600.png 600w, https:\/\/raivo.korstnik.eu\/wp-content\/uploads\/126-100x100.png 100w\" sizes=\"(max-width: 600px) 100vw, 600px\" \/><h2 class=\"woocommerce-loop-product__title\">Trepp (kartongil)<\/h2><\/a><\/li>\n<li class=\"product type-product post-2599 status-publish instock product_cat-moodne product_cat-figuraalne product_cat-portreed product_cat-portreed-ja-aktid product_tag-70x50 product_tag-figuraalne product_tag-moodne product_tag-perekogu product_tag-portree product_tag-sotsrealismist-modernismini-avangardis product_tag-tagasivaates-fahle-galeriis product_tag-tartu-tanavatel-tartu-kunstimajas has-post-thumbnail shipping-taxable product-type-simple\">\n\t<a href=\"https:\/\/raivo.korstnik.eu\/en\/kataloog\/700\/\" class=\"woocommerce-LoopProduct-link woocommerce-loop-product__link\"><img loading=\"lazy\" decoding=\"async\" width=\"600\" height=\"600\" src=\"https:\/\/raivo.korstnik.eu\/wp-content\/uploads\/144-600x600.png\" class=\"attachment-woocommerce_thumbnail size-woocommerce_thumbnail\" alt=\"Kosmonaut \/ Tagasivaates\" srcset=\"https:\/\/raivo.korstnik.eu\/wp-content\/uploads\/144-600x600.png 600w, https:\/\/raivo.korstnik.eu\/wp-content\/uploads\/144-100x100.png 100w\" sizes=\"(max-width: 600px) 100vw, 600px\" \/><h2 class=\"woocommerce-loop-product__title\">Kosmonaut \/ Tagasivaates<\/h2><\/a><\/li>\n<li class=\"product type-product post-1887 status-publish instock product_cat-moodne product_cat-figuraalne product_tag-60x50 product_tag-figuraalne product_tag-kavand product_tag-moodne product_tag-perekogu product_tag-raamitud product_tag-salongis-ja-ateljees-solaris-galerii product_tag-sotsrealismist-modernismini-avangardis product_tag-tagasivaates-fahle-galeriis product_tag-tartu-tanavatel-tartu-kunstimajas has-post-thumbnail shipping-taxable product-type-simple\">\n\t<a href=\"https:\/\/raivo.korstnik.eu\/en\/kataloog\/331\/\" class=\"woocommerce-LoopProduct-link woocommerce-loop-product__link\"><img loading=\"lazy\" decoding=\"async\" width=\"600\" height=\"600\" src=\"https:\/\/raivo.korstnik.eu\/wp-content\/uploads\/41-600x600.png\" class=\"attachment-woocommerce_thumbnail size-woocommerce_thumbnail\" alt=\"T\u00e4nav, kavand\" srcset=\"https:\/\/raivo.korstnik.eu\/wp-content\/uploads\/41-600x600.png 600w, https:\/\/raivo.korstnik.eu\/wp-content\/uploads\/41-100x100.png 100w, https:\/\/raivo.korstnik.eu\/wp-content\/uploads\/41-150x150.png 150w\" sizes=\"(max-width: 600px) 100vw, 600px\" \/><h2 class=\"woocommerce-loop-product__title\">T\u00e4nav, kavand<\/h2><\/a><\/li>\n<li class=\"product type-product post-1885 status-publish last instock product_cat-moodne product_tag-70x50 product_tag-figuraalne product_tag-kavand product_tag-kohvikus-fellin product_tag-moodne product_tag-perekogu product_tag-raamitud product_tag-salongis-ja-ateljees-solaris-galerii product_tag-sotsrealismist-modernismini-avangardis product_tag-tagasivaates-fahle-galeriis product_tag-tartu-tanavatel-tartu-kunstimajas has-post-thumbnail shipping-taxable product-type-simple\">\n\t<a href=\"https:\/\/raivo.korstnik.eu\/en\/kataloog\/332\/\" class=\"woocommerce-LoopProduct-link woocommerce-loop-product__link\"><img loading=\"lazy\" decoding=\"async\" width=\"600\" height=\"600\" src=\"https:\/\/raivo.korstnik.eu\/wp-content\/uploads\/40-600x600.png\" class=\"attachment-woocommerce_thumbnail size-woocommerce_thumbnail\" alt=\"T\u00e4nav, kavand\" srcset=\"https:\/\/raivo.korstnik.eu\/wp-content\/uploads\/40-600x600.png 600w, https:\/\/raivo.korstnik.eu\/wp-content\/uploads\/40-100x100.png 100w, https:\/\/raivo.korstnik.eu\/wp-content\/uploads\/40-150x150.png 150w\" sizes=\"(max-width: 600px) 100vw, 600px\" \/><h2 class=\"woocommerce-loop-product__title\">T\u00e4nav, kavand<\/h2><\/a><\/li>\n<li class=\"product type-product post-2473 status-publish first outofstock product_cat-maastikud product_tag-70x50 product_tag-alacarte product_tag-maastik product_tag-meri-ja-naised-viinistu-kunstimuuseumis product_tag-perekogu product_tag-raamitud product_tag-sotsrealismist-modernismini-avangardis has-post-thumbnail shipping-taxable product-type-simple\">\n\t<a href=\"https:\/\/raivo.korstnik.eu\/en\/kataloog\/117\/\" class=\"woocommerce-LoopProduct-link woocommerce-loop-product__link\"><img loading=\"lazy\" decoding=\"async\" width=\"600\" height=\"600\" src=\"https:\/\/raivo.korstnik.eu\/wp-content\/uploads\/100-600x600.png\" class=\"attachment-woocommerce_thumbnail size-woocommerce_thumbnail\" alt=\"Valgej\u00e4rve maastik\" srcset=\"https:\/\/raivo.korstnik.eu\/wp-content\/uploads\/100-600x600.png 600w, https:\/\/raivo.korstnik.eu\/wp-content\/uploads\/100-100x100.png 100w\" sizes=\"(max-width: 600px) 100vw, 600px\" \/><h2 class=\"woocommerce-loop-product__title\">Valgej\u00e4rve maastik<\/h2><\/a><\/li>\n<li class=\"product type-product post-2468 status-publish outofstock product_cat-linnavaade product_tag-70x50 product_tag-avangard product_tag-maastik product_tag-meri-ja-naised-viinistu-kunstimuuseumis product_tag-sotsrealismist-modernismini-avangardis product_tag-toostusmaastik has-post-thumbnail shipping-taxable product-type-simple\">\n\t<a href=\"https:\/\/raivo.korstnik.eu\/en\/kataloog\/119\/\" class=\"woocommerce-LoopProduct-link woocommerce-loop-product__link\"><img loading=\"lazy\" decoding=\"async\" width=\"600\" height=\"600\" src=\"https:\/\/raivo.korstnik.eu\/wp-content\/uploads\/99-600x600.png\" class=\"attachment-woocommerce_thumbnail size-woocommerce_thumbnail\" alt=\"Palgid j\u00f5es\" srcset=\"https:\/\/raivo.korstnik.eu\/wp-content\/uploads\/99-600x600.png 600w, https:\/\/raivo.korstnik.eu\/wp-content\/uploads\/99-100x100.png 100w\" sizes=\"(max-width: 600px) 100vw, 600px\" \/><h2 class=\"woocommerce-loop-product__title\">Palgid j\u00f5es<\/h2><\/a><\/li>\n<li class=\"product type-product post-2822 status-publish instock product_cat-moodne product_cat-figuraalne product_cat-pastell product_tag-figuraalne product_tag-kompositsioon product_tag-moodne product_tag-perekogu product_tag-raamitud product_tag-salongis-ja-ateljees-solaris-galerii product_tag-sotsrealismist-modernismini-avangardis product_tag-tartu-tanavatel-tartu-kunstimajas has-post-thumbnail shipping-taxable product-type-simple\">\n\t<a href=\"https:\/\/raivo.korstnik.eu\/en\/kataloog\/32001\/\" class=\"woocommerce-LoopProduct-link woocommerce-loop-product__link\"><img loading=\"lazy\" decoding=\"async\" width=\"600\" height=\"600\" src=\"https:\/\/raivo.korstnik.eu\/wp-content\/uploads\/219-1-600x600.png\" class=\"attachment-woocommerce_thumbnail size-woocommerce_thumbnail\" alt=\"H\u00e4\u00e4lekandja, kavand\" srcset=\"https:\/\/raivo.korstnik.eu\/wp-content\/uploads\/219-1-600x600.png 600w, https:\/\/raivo.korstnik.eu\/wp-content\/uploads\/219-1-100x100.png 100w\" sizes=\"(max-width: 600px) 100vw, 600px\" \/><h2 class=\"woocommerce-loop-product__title\">H\u00e4\u00e4lekandja, kavand<\/h2><\/a><\/li>\n<li class=\"product type-product post-2883 status-publish last instock product_cat-maastikud product_tag-70x50 product_tag-maastik product_tag-meri-ja-naised-viinistu-kunstimuuseumis product_tag-perekogu product_tag-raamitud product_tag-salongis-ja-ateljees-solaris-galerii product_tag-sotsrealismist-modernismini-avangardis has-post-thumbnail shipping-taxable product-type-simple\">\n\t<a href=\"https:\/\/raivo.korstnik.eu\/en\/kataloog\/113\/\" class=\"woocommerce-LoopProduct-link woocommerce-loop-product__link\"><img loading=\"lazy\" decoding=\"async\" width=\"600\" height=\"600\" src=\"https:\/\/raivo.korstnik.eu\/wp-content\/uploads\/237-600x600.png\" class=\"attachment-woocommerce_thumbnail size-woocommerce_thumbnail\" alt=\"S\u00fcgisene maastik\" srcset=\"https:\/\/raivo.korstnik.eu\/wp-content\/uploads\/237-600x600.png 600w, https:\/\/raivo.korstnik.eu\/wp-content\/uploads\/237-100x100.png 100w\" sizes=\"(max-width: 600px) 100vw, 600px\" \/><h2 class=\"woocommerce-loop-product__title\">S\u00fcgisene maastik<\/h2><\/a><\/li>\n<li class=\"product type-product post-2772 status-publish first onbackorder product_cat-figuraalne product_cat-kalurid-ja-meri product_cat-portreed product_cat-portreed-ja-aktid product_tag-kalurid product_tag-meri-ja-naised-ruhnu-kultuuriaidas product_tag-meri-ja-naised-viinistu-kunstimuuseumis product_tag-perekogu product_tag-portree product_tag-raamil product_tag-raamitud product_tag-sotsrealismist-modernismini-avangardis product_tag-tagasivaates-fahle-galeriis product_tag-tartu-tanavatel-tartu-kunstimajas has-post-thumbnail shipping-taxable product-type-simple\">\n\t<a href=\"https:\/\/raivo.korstnik.eu\/en\/kataloog\/863\/\" class=\"woocommerce-LoopProduct-link woocommerce-loop-product__link\"><img loading=\"lazy\" decoding=\"async\" width=\"600\" height=\"600\" src=\"https:\/\/raivo.korstnik.eu\/wp-content\/uploads\/201-600x600.png\" class=\"attachment-woocommerce_thumbnail size-woocommerce_thumbnail\" alt=\"Seisev kalur\" srcset=\"https:\/\/raivo.korstnik.eu\/wp-content\/uploads\/201-600x600.png 600w, https:\/\/raivo.korstnik.eu\/wp-content\/uploads\/201-100x100.png 100w\" sizes=\"(max-width: 600px) 100vw, 600px\" \/><h2 class=\"woocommerce-loop-product__title\">Seisev kalur<\/h2><\/a><\/li>\n<li class=\"product type-product post-2743 status-publish instock product_cat-figuraalne product_cat-kalurid-ja-meri product_cat-portreed product_cat-portreed-ja-aktid product_tag-kalurid product_tag-meri-ja-naised-ruhnu-kultuuriaidas product_tag-meri-ja-naised-viinistu-kunstimuuseumis product_tag-perekogu product_tag-portree product_tag-raamil product_tag-sotsrealismist-modernismini-avangardis product_tag-tagasivaates-fahle-galeriis product_tag-tartu-tanavatel-tartu-kunstimajas has-post-thumbnail shipping-taxable product-type-simple\">\n\t<a href=\"https:\/\/raivo.korstnik.eu\/en\/kataloog\/865\/\" class=\"woocommerce-LoopProduct-link woocommerce-loop-product__link\"><img loading=\"lazy\" decoding=\"async\" width=\"600\" height=\"600\" src=\"https:\/\/raivo.korstnik.eu\/wp-content\/uploads\/192-600x600.png\" class=\"attachment-woocommerce_thumbnail size-woocommerce_thumbnail\" alt=\"Istuv kalur\" srcset=\"https:\/\/raivo.korstnik.eu\/wp-content\/uploads\/192-600x600.png 600w, https:\/\/raivo.korstnik.eu\/wp-content\/uploads\/192-100x100.png 100w\" sizes=\"(max-width: 600px) 100vw, 600px\" \/><h2 class=\"woocommerce-loop-product__title\">Istuv kalur<\/h2><\/a><\/li>\n<li class=\"product type-product post-2066 status-publish instock product_cat-figuraalne product_cat-kalurid-ja-meri product_cat-portreed product_tag-kalurid product_tag-meri-ja-naised-ruhnu-kultuuriaidas product_tag-meri-ja-naised-viinistu-kunstimuuseumis product_tag-perekogu product_tag-portree product_tag-raamil product_tag-sotsrealismist-modernismini-avangardis product_tag-tagasivaates-fahle-galeriis product_tag-tartu-tanavatel-tartu-kunstimajas has-post-thumbnail shipping-taxable product-type-simple\">\n\t<a href=\"https:\/\/raivo.korstnik.eu\/en\/kataloog\/867\/\" class=\"woocommerce-LoopProduct-link woocommerce-loop-product__link\"><img loading=\"lazy\" decoding=\"async\" width=\"600\" height=\"600\" src=\"https:\/\/raivo.korstnik.eu\/wp-content\/uploads\/Screenshot-2020-10-22-at-23.19.32-600x600.png\" class=\"attachment-woocommerce_thumbnail size-woocommerce_thumbnail\" alt=\"Kalur saapaga\" srcset=\"https:\/\/raivo.korstnik.eu\/wp-content\/uploads\/Screenshot-2020-10-22-at-23.19.32-600x600.png 600w, https:\/\/raivo.korstnik.eu\/wp-content\/uploads\/Screenshot-2020-10-22-at-23.19.32-100x100.png 100w, https:\/\/raivo.korstnik.eu\/wp-content\/uploads\/Screenshot-2020-10-22-at-23.19.32-150x150.png 150w\" sizes=\"(max-width: 600px) 100vw, 600px\" \/><h2 class=\"woocommerce-loop-product__title\">Kalur saapaga<\/h2><\/a><\/li>\n<li class=\"product type-product post-3186 status-publish last instock product_cat-figuraalne product_cat-kalurid-ja-meri product_cat-portreed product_tag-kalurid product_tag-meri-ja-naised-ruhnu-kultuuriaidas product_tag-meri-ja-naised-viinistu-kunstimuuseumis product_tag-perekogu product_tag-portree product_tag-raamil product_tag-sotsrealismist-modernismini-avangardis product_tag-tagasivaates-fahle-galeriis product_tag-tartu-tanavatel-tartu-kunstimajas has-post-thumbnail shipping-taxable product-type-simple\">\n\t<a href=\"https:\/\/raivo.korstnik.eu\/en\/kataloog\/868\/\" class=\"woocommerce-LoopProduct-link woocommerce-loop-product__link\"><img loading=\"lazy\" decoding=\"async\" width=\"600\" height=\"600\" src=\"https:\/\/raivo.korstnik.eu\/wp-content\/uploads\/IMG_0575-scaled-600x600.jpg\" class=\"attachment-woocommerce_thumbnail size-woocommerce_thumbnail\" alt=\"Kalurid\" srcset=\"https:\/\/raivo.korstnik.eu\/wp-content\/uploads\/IMG_0575-scaled-600x600.jpg 600w, https:\/\/raivo.korstnik.eu\/wp-content\/uploads\/IMG_0575-scaled-100x100.jpg 100w\" sizes=\"(max-width: 600px) 100vw, 600px\" \/><h2 class=\"woocommerce-loop-product__title\">Kalurid<\/h2><\/a><\/li>\n<li class=\"product type-product post-2893 status-publish first outofstock product_cat-figuraalne product_cat-portreed product_cat-portreed-ja-aktid product_cat-soviet product_tag-meri-ja-naised-ruhnu-kultuuriaidas product_tag-meri-ja-naised-viinistu-kunstimuuseumis product_tag-noar product_tag-portree product_tag-raamil product_tag-sotsrealismist-modernismini-avangardis product_tag-soviet product_tag-tagasivaates-fahle-galeriis product_tag-tartu-tanavatel-tartu-kunstimajas has-post-thumbnail shipping-taxable purchasable product-type-simple\">\n\t<a href=\"https:\/\/raivo.korstnik.eu\/en\/kataloog\/900\/\" class=\"woocommerce-LoopProduct-link woocommerce-loop-product__link\"><img loading=\"lazy\" decoding=\"async\" width=\"600\" height=\"600\" src=\"https:\/\/raivo.korstnik.eu\/wp-content\/uploads\/240-600x600.png\" class=\"attachment-woocommerce_thumbnail size-woocommerce_thumbnail\" alt=\"Vastuv\u00f5tul\" srcset=\"https:\/\/raivo.korstnik.eu\/wp-content\/uploads\/240-600x600.png 600w, https:\/\/raivo.korstnik.eu\/wp-content\/uploads\/240-100x100.png 100w\" sizes=\"(max-width: 600px) 100vw, 600px\" \/><h2 class=\"woocommerce-loop-product__title\">Vastuv\u00f5tul<\/h2><\/a><\/li>\n<li class=\"product type-product post-2148 status-publish outofstock product_cat-linnavaade product_tag-haus product_tag-meri-ja-naised-viinistu-kunstimuuseumis product_tag-sotsrealismist-modernismini-avangardis product_tag-tagasivaates-fahle-galeriis product_tag-toostusmaastik has-post-thumbnail shipping-taxable product-type-simple\">\n\t<a href=\"https:\/\/raivo.korstnik.eu\/en\/kataloog\/451\/\" class=\"woocommerce-LoopProduct-link woocommerce-loop-product__link\"><img loading=\"lazy\" decoding=\"async\" width=\"600\" height=\"600\" src=\"https:\/\/raivo.korstnik.eu\/wp-content\/uploads\/Punane-Kunda.-Kavand-600x600.jpg\" class=\"attachment-woocommerce_thumbnail size-woocommerce_thumbnail\" alt=\"Punane Kunda\" srcset=\"https:\/\/raivo.korstnik.eu\/wp-content\/uploads\/Punane-Kunda.-Kavand-600x600.jpg 600w, https:\/\/raivo.korstnik.eu\/wp-content\/uploads\/Punane-Kunda.-Kavand-100x100.jpg 100w, https:\/\/raivo.korstnik.eu\/wp-content\/uploads\/Punane-Kunda.-Kavand-150x150.jpg 150w\" sizes=\"(max-width: 600px) 100vw, 600px\" \/><h2 class=\"woocommerce-loop-product__title\">Punane Kunda<\/h2><\/a><\/li>\n<li class=\"product type-product post-2604 status-publish instock product_cat-linnavaade product_tag-70x50 product_tag-meri-ja-naised-viinistu-kunstimuuseumis product_tag-perekogu product_tag-raamitud product_tag-sotsrealismist-modernismini-avangardis product_tag-tartu-tanavatel-tartu-kunstimajas product_tag-toostusmaastik has-post-thumbnail shipping-taxable product-type-simple\">\n\t<a href=\"https:\/\/raivo.korstnik.eu\/en\/kataloog\/456\/\" class=\"woocommerce-LoopProduct-link woocommerce-loop-product__link\"><img loading=\"lazy\" decoding=\"async\" width=\"600\" height=\"600\" src=\"https:\/\/raivo.korstnik.eu\/wp-content\/uploads\/146-600x600.png\" class=\"attachment-woocommerce_thumbnail size-woocommerce_thumbnail\" alt=\"Vana tehase \u00f5u\" srcset=\"https:\/\/raivo.korstnik.eu\/wp-content\/uploads\/146-600x600.png 600w, https:\/\/raivo.korstnik.eu\/wp-content\/uploads\/146-100x100.png 100w\" sizes=\"(max-width: 600px) 100vw, 600px\" \/><h2 class=\"woocommerce-loop-product__title\">Vana tehase \u00f5u<\/h2><\/a><\/li>\n<li class=\"product type-product post-1798 status-publish last instock product_cat-linnavaade product_tag-70x50 product_tag-meri-ja-naised-viinistu-kunstimuuseumis product_tag-perekogu product_tag-raamitud product_tag-sotsrealismist-modernismini-avangardis product_tag-tartu-tanavatel-tartu-kunstimajas product_tag-toostusmaastik has-post-thumbnail shipping-taxable product-type-simple\">\n\t<a href=\"https:\/\/raivo.korstnik.eu\/en\/kataloog\/455\/\" class=\"woocommerce-LoopProduct-link woocommerce-loop-product__link\"><img loading=\"lazy\" decoding=\"async\" width=\"600\" height=\"600\" src=\"https:\/\/raivo.korstnik.eu\/wp-content\/uploads\/2_maastik-600x600.png\" class=\"attachment-woocommerce_thumbnail size-woocommerce_thumbnail\" alt=\"T\u00f6\u00f6stusmaastik\" srcset=\"https:\/\/raivo.korstnik.eu\/wp-content\/uploads\/2_maastik-600x600.png 600w, https:\/\/raivo.korstnik.eu\/wp-content\/uploads\/2_maastik-100x100.png 100w, https:\/\/raivo.korstnik.eu\/wp-content\/uploads\/2_maastik-150x150.png 150w\" sizes=\"(max-width: 600px) 100vw, 600px\" \/><h2 class=\"woocommerce-loop-product__title\">T\u00f6\u00f6stusmaastik<\/h2><\/a><\/li>\n<\/ul>\n<\/div><\/p>\t\t\t\t\t\t\t\t<\/div>\n\t\t\t\t<\/div>\n\t\t\t\t\t<\/div>\n\t\t<\/div>\n\t\t\t\t\t<\/div>\n\t\t<\/section>\n\t\t\t\t<\/div>","protected":false},"excerpt":{"rendered":"<p>Tagasivaates: sotsrealismist modernismini Pa\u0308rnu Avangard galeriis 24.07.2017 \u2013 06.08.2017 RAIVO KORSTNIK \u201cTagasivaates: sotsrealismist modernismini\u201d &#8211; juubelin\u00e4itus Avangard Galeriis.Avamine: neljap\u00e4eval, 20. juulil kell 18:30 85. juubeliaastale p\u00fchendatud retrospektiivn\u00e4itus \u201cTagasivaates: sotsrealismist modernismini\u201d annab l\u00e4bil\u00f5ike Raivo Korstniku (1932-1992) loomingust 1950-ndate aastate l\u00f5pust kuni 1992. aastani. Suur osa eksponeeritavat loomingust j\u00f5uab avalikkuse ette esmakordselt &#8211; teosed p\u00e4rinevad kunstniku perekonna &hellip;<\/p>\n<p class=\"read-more\"> <a class=\"\" href=\"https:\/\/raivo.korstnik.eu\/en\/naitused\/sotsrealismist-modernismini-avangard-galeriis\/\"> <span class=\"screen-reader-text\">Sotsrealismist modernismini. Avangard galeriis<\/span> Read More &raquo;<\/a><\/p>","protected":false},"author":1,"featured_media":0,"parent":3645,"menu_order":0,"comment_status":"closed","ping_status":"closed","template":"","meta":{"footnotes":""},"class_list":["post-3738","page","type-page","status-publish","hentry"],"yoast_head":"<!-- This site is optimized with the Yoast SEO plugin v27.5 - https:\/\/yoast.com\/product\/yoast-seo-wordpress\/ -->\n<title>Sotsrealismist modernismini. Avangard galeriis - Raivo Korstnik<\/title>\n<meta name=\"robots\" content=\"index, follow, max-snippet:-1, max-image-preview:large, max-video-preview:-1\" \/>\n<link rel=\"canonical\" href=\"https:\/\/raivo.korstnik.eu\/en\/naitused\/sotsrealismist-modernismini-avangard-galeriis\/\" \/>\n<meta property=\"og:locale\" content=\"en_GB\" \/>\n<meta property=\"og:type\" content=\"article\" \/>\n<meta property=\"og:title\" content=\"Sotsrealismist modernismini. Avangard galeriis - Raivo Korstnik\" \/>\n<meta property=\"og:description\" content=\"Tagasivaates: sotsrealismist modernismini Pa\u0308rnu Avangard galeriis 24.07.2017 \u2013 06.08.2017 RAIVO KORSTNIK \u201cTagasivaates: sotsrealismist modernismini\u201d &#8211; juubelin\u00e4itus Avangard Galeriis.Avamine: neljap\u00e4eval, 20. juulil kell 18:30 85. juubeliaastale p\u00fchendatud retrospektiivn\u00e4itus \u201cTagasivaates: sotsrealismist modernismini\u201d annab l\u00e4bil\u00f5ike Raivo Korstniku (1932-1992) loomingust 1950-ndate aastate l\u00f5pust kuni 1992. aastani. Suur osa eksponeeritavat loomingust j\u00f5uab avalikkuse ette esmakordselt &#8211; teosed p\u00e4rinevad kunstniku perekonna &hellip; Sotsrealismist modernismini. Avangard galeriis Read More &raquo;\" \/>\n<meta property=\"og:url\" content=\"https:\/\/raivo.korstnik.eu\/en\/naitused\/sotsrealismist-modernismini-avangard-galeriis\/\" \/>\n<meta property=\"og:site_name\" content=\"Raivo Korstnik\" \/>\n<meta property=\"article:modified_time\" content=\"2021-07-09T19:14:10+00:00\" \/>\n<meta property=\"og:image\" content=\"https:\/\/www.lennuk.eu\/korstnik\/korstnik\/raivo\/wp-content\/uploads\/Tagasivaates-sotsrealismist-modernismini-1030x1030.jpg\" \/>\n<meta name=\"twitter:card\" content=\"summary_large_image\" \/>\n<meta name=\"twitter:label1\" content=\"Estimated reading time\" \/>\n\t<meta name=\"twitter:data1\" content=\"6 minutes\" \/>\n<script type=\"application\/ld+json\" class=\"yoast-schema-graph\">{\"@context\":\"https:\\\/\\\/schema.org\",\"@graph\":[{\"@type\":\"WebPage\",\"@id\":\"https:\\\/\\\/raivo.korstnik.eu\\\/naitused\\\/sotsrealismist-modernismini-avangard-galeriis\\\/\",\"url\":\"https:\\\/\\\/raivo.korstnik.eu\\\/naitused\\\/sotsrealismist-modernismini-avangard-galeriis\\\/\",\"name\":\"Sotsrealismist modernismini. Avangard galeriis - Raivo Korstnik\",\"isPartOf\":{\"@id\":\"https:\\\/\\\/raivo.korstnik.eu\\\/#website\"},\"primaryImageOfPage\":{\"@id\":\"https:\\\/\\\/raivo.korstnik.eu\\\/naitused\\\/sotsrealismist-modernismini-avangard-galeriis\\\/#primaryimage\"},\"image\":{\"@id\":\"https:\\\/\\\/raivo.korstnik.eu\\\/naitused\\\/sotsrealismist-modernismini-avangard-galeriis\\\/#primaryimage\"},\"thumbnailUrl\":\"https:\\\/\\\/www.lennuk.eu\\\/korstnik\\\/korstnik\\\/raivo\\\/wp-content\\\/uploads\\\/Tagasivaates-sotsrealismist-modernismini-1030x1030.jpg\",\"datePublished\":\"2021-07-09T18:28:50+00:00\",\"dateModified\":\"2021-07-09T19:14:10+00:00\",\"breadcrumb\":{\"@id\":\"https:\\\/\\\/raivo.korstnik.eu\\\/naitused\\\/sotsrealismist-modernismini-avangard-galeriis\\\/#breadcrumb\"},\"inLanguage\":\"en-GB\",\"potentialAction\":[{\"@type\":\"ReadAction\",\"target\":[\"https:\\\/\\\/raivo.korstnik.eu\\\/naitused\\\/sotsrealismist-modernismini-avangard-galeriis\\\/\"]}]},{\"@type\":\"ImageObject\",\"inLanguage\":\"en-GB\",\"@id\":\"https:\\\/\\\/raivo.korstnik.eu\\\/naitused\\\/sotsrealismist-modernismini-avangard-galeriis\\\/#primaryimage\",\"url\":\"https:\\\/\\\/www.lennuk.eu\\\/korstnik\\\/korstnik\\\/raivo\\\/wp-content\\\/uploads\\\/Tagasivaates-sotsrealismist-modernismini-1030x1030.jpg\",\"contentUrl\":\"https:\\\/\\\/www.lennuk.eu\\\/korstnik\\\/korstnik\\\/raivo\\\/wp-content\\\/uploads\\\/Tagasivaates-sotsrealismist-modernismini-1030x1030.jpg\"},{\"@type\":\"BreadcrumbList\",\"@id\":\"https:\\\/\\\/raivo.korstnik.eu\\\/naitused\\\/sotsrealismist-modernismini-avangard-galeriis\\\/#breadcrumb\",\"itemListElement\":[{\"@type\":\"ListItem\",\"position\":1,\"name\":\"Home\",\"item\":\"https:\\\/\\\/raivo.korstnik.eu\\\/\"},{\"@type\":\"ListItem\",\"position\":2,\"name\":\"N\u00e4itused\",\"item\":\"https:\\\/\\\/raivo.korstnik.eu\\\/naitused\\\/\"},{\"@type\":\"ListItem\",\"position\":3,\"name\":\"Sotsrealismist modernismini. Avangard galeriis\"}]},{\"@type\":\"WebSite\",\"@id\":\"https:\\\/\\\/raivo.korstnik.eu\\\/#website\",\"url\":\"https:\\\/\\\/raivo.korstnik.eu\\\/\",\"name\":\"Raivo Korstnik\",\"description\":\"\",\"potentialAction\":[{\"@type\":\"SearchAction\",\"target\":{\"@type\":\"EntryPoint\",\"urlTemplate\":\"https:\\\/\\\/raivo.korstnik.eu\\\/?s={search_term_string}\"},\"query-input\":{\"@type\":\"PropertyValueSpecification\",\"valueRequired\":true,\"valueName\":\"search_term_string\"}}],\"inLanguage\":\"en-GB\"}]}<\/script>\n<!-- \/ Yoast SEO plugin. -->","yoast_head_json":{"title":"Sotsrealismist modernismini. Avangard galeriis - Raivo Korstnik","robots":{"index":"index","follow":"follow","max-snippet":"max-snippet:-1","max-image-preview":"max-image-preview:large","max-video-preview":"max-video-preview:-1"},"canonical":"https:\/\/raivo.korstnik.eu\/en\/naitused\/sotsrealismist-modernismini-avangard-galeriis\/","og_locale":"en_GB","og_type":"article","og_title":"Sotsrealismist modernismini. Avangard galeriis - Raivo Korstnik","og_description":"Tagasivaates: sotsrealismist modernismini Pa\u0308rnu Avangard galeriis 24.07.2017 \u2013 06.08.2017 RAIVO KORSTNIK \u201cTagasivaates: sotsrealismist modernismini\u201d &#8211; juubelin\u00e4itus Avangard Galeriis.Avamine: neljap\u00e4eval, 20. juulil kell 18:30 85. juubeliaastale p\u00fchendatud retrospektiivn\u00e4itus \u201cTagasivaates: sotsrealismist modernismini\u201d annab l\u00e4bil\u00f5ike Raivo Korstniku (1932-1992) loomingust 1950-ndate aastate l\u00f5pust kuni 1992. aastani. Suur osa eksponeeritavat loomingust j\u00f5uab avalikkuse ette esmakordselt &#8211; teosed p\u00e4rinevad kunstniku perekonna &hellip; Sotsrealismist modernismini. Avangard galeriis Read More &raquo;","og_url":"https:\/\/raivo.korstnik.eu\/en\/naitused\/sotsrealismist-modernismini-avangard-galeriis\/","og_site_name":"Raivo Korstnik","article_modified_time":"2021-07-09T19:14:10+00:00","og_image":[{"url":"https:\/\/www.lennuk.eu\/korstnik\/korstnik\/raivo\/wp-content\/uploads\/Tagasivaates-sotsrealismist-modernismini-1030x1030.jpg","type":"","width":"","height":""}],"twitter_card":"summary_large_image","twitter_misc":{"Estimated reading time":"6 minutes"},"schema":{"@context":"https:\/\/schema.org","@graph":[{"@type":"WebPage","@id":"https:\/\/raivo.korstnik.eu\/naitused\/sotsrealismist-modernismini-avangard-galeriis\/","url":"https:\/\/raivo.korstnik.eu\/naitused\/sotsrealismist-modernismini-avangard-galeriis\/","name":"Sotsrealismist modernismini. Avangard galeriis - Raivo Korstnik","isPartOf":{"@id":"https:\/\/raivo.korstnik.eu\/#website"},"primaryImageOfPage":{"@id":"https:\/\/raivo.korstnik.eu\/naitused\/sotsrealismist-modernismini-avangard-galeriis\/#primaryimage"},"image":{"@id":"https:\/\/raivo.korstnik.eu\/naitused\/sotsrealismist-modernismini-avangard-galeriis\/#primaryimage"},"thumbnailUrl":"https:\/\/www.lennuk.eu\/korstnik\/korstnik\/raivo\/wp-content\/uploads\/Tagasivaates-sotsrealismist-modernismini-1030x1030.jpg","datePublished":"2021-07-09T18:28:50+00:00","dateModified":"2021-07-09T19:14:10+00:00","breadcrumb":{"@id":"https:\/\/raivo.korstnik.eu\/naitused\/sotsrealismist-modernismini-avangard-galeriis\/#breadcrumb"},"inLanguage":"en-GB","potentialAction":[{"@type":"ReadAction","target":["https:\/\/raivo.korstnik.eu\/naitused\/sotsrealismist-modernismini-avangard-galeriis\/"]}]},{"@type":"ImageObject","inLanguage":"en-GB","@id":"https:\/\/raivo.korstnik.eu\/naitused\/sotsrealismist-modernismini-avangard-galeriis\/#primaryimage","url":"https:\/\/www.lennuk.eu\/korstnik\/korstnik\/raivo\/wp-content\/uploads\/Tagasivaates-sotsrealismist-modernismini-1030x1030.jpg","contentUrl":"https:\/\/www.lennuk.eu\/korstnik\/korstnik\/raivo\/wp-content\/uploads\/Tagasivaates-sotsrealismist-modernismini-1030x1030.jpg"},{"@type":"BreadcrumbList","@id":"https:\/\/raivo.korstnik.eu\/naitused\/sotsrealismist-modernismini-avangard-galeriis\/#breadcrumb","itemListElement":[{"@type":"ListItem","position":1,"name":"Home","item":"https:\/\/raivo.korstnik.eu\/"},{"@type":"ListItem","position":2,"name":"N\u00e4itused","item":"https:\/\/raivo.korstnik.eu\/naitused\/"},{"@type":"ListItem","position":3,"name":"Sotsrealismist modernismini. Avangard galeriis"}]},{"@type":"WebSite","@id":"https:\/\/raivo.korstnik.eu\/#website","url":"https:\/\/raivo.korstnik.eu\/","name":"Raivo Korstnik","description":"","potentialAction":[{"@type":"SearchAction","target":{"@type":"EntryPoint","urlTemplate":"https:\/\/raivo.korstnik.eu\/?s={search_term_string}"},"query-input":{"@type":"PropertyValueSpecification","valueRequired":true,"valueName":"search_term_string"}}],"inLanguage":"en-GB"}]}},"_links":{"self":[{"href":"https:\/\/raivo.korstnik.eu\/en\/wp-json\/wp\/v2\/pages\/3738","targetHints":{"allow":["GET"]}}],"collection":[{"href":"https:\/\/raivo.korstnik.eu\/en\/wp-json\/wp\/v2\/pages"}],"about":[{"href":"https:\/\/raivo.korstnik.eu\/en\/wp-json\/wp\/v2\/types\/page"}],"author":[{"embeddable":true,"href":"https:\/\/raivo.korstnik.eu\/en\/wp-json\/wp\/v2\/users\/1"}],"replies":[{"embeddable":true,"href":"https:\/\/raivo.korstnik.eu\/en\/wp-json\/wp\/v2\/comments?post=3738"}],"version-history":[{"count":5,"href":"https:\/\/raivo.korstnik.eu\/en\/wp-json\/wp\/v2\/pages\/3738\/revisions"}],"predecessor-version":[{"id":3816,"href":"https:\/\/raivo.korstnik.eu\/en\/wp-json\/wp\/v2\/pages\/3738\/revisions\/3816"}],"up":[{"embeddable":true,"href":"https:\/\/raivo.korstnik.eu\/en\/wp-json\/wp\/v2\/pages\/3645"}],"wp:attachment":[{"href":"https:\/\/raivo.korstnik.eu\/en\/wp-json\/wp\/v2\/media?parent=3738"}],"curies":[{"name":"wp","href":"https:\/\/api.w.org\/{rel}","templated":true}]}}