{"id":3759,"date":"2021-07-09T18:41:58","date_gmt":"2021-07-09T18:41:58","guid":{"rendered":"https:\/\/www.lennuk.eu\/korstnik\/korstnik\/raivo\/?page_id=3759"},"modified":"2021-07-09T19:11:49","modified_gmt":"2021-07-09T19:11:49","slug":"meri-ja-naised-viinistu-kunstimuuseumis","status":"publish","type":"page","link":"https:\/\/raivo.korstnik.eu\/en\/naitused\/meri-ja-naised-viinistu-kunstimuuseumis\/","title":{"rendered":"Meri ja naised. Viinistu Kunstimuuseumis"},"content":{"rendered":"<div data-elementor-type=\"wp-page\" data-elementor-id=\"3759\" class=\"elementor elementor-3759\">\n\t\t\t\t\t\t<section class=\"elementor-section elementor-top-section elementor-element elementor-element-60be2c15 elementor-section-boxed elementor-section-height-default elementor-section-height-default\" data-id=\"60be2c15\" data-element_type=\"section\" data-e-type=\"section\">\n\t\t\t\t\t\t<div class=\"elementor-container elementor-column-gap-default\">\n\t\t\t\t\t<div class=\"elementor-column elementor-col-100 elementor-top-column elementor-element elementor-element-352860d2\" data-id=\"352860d2\" data-element_type=\"column\" data-e-type=\"column\">\n\t\t\t<div class=\"elementor-widget-wrap elementor-element-populated\">\n\t\t\t\t\t\t<div class=\"elementor-element elementor-element-32540ef3 elementor-invisible elementor-widget elementor-widget-heading\" data-id=\"32540ef3\" data-element_type=\"widget\" data-e-type=\"widget\" data-settings=\"{&quot;_animation&quot;:&quot;fadeInLeft&quot;}\" data-widget_type=\"heading.default\">\n\t\t\t\t<div class=\"elementor-widget-container\">\n\t\t\t\t\t<h1 class=\"elementor-heading-title elementor-size-default\">Tagasivaates: Meri ja naised<\/h1>\t\t\t\t<\/div>\n\t\t\t\t<\/div>\n\t\t\t\t<div class=\"elementor-element elementor-element-71e06ed5 elementor-invisible elementor-widget elementor-widget-heading\" data-id=\"71e06ed5\" data-element_type=\"widget\" data-e-type=\"widget\" data-settings=\"{&quot;_animation&quot;:&quot;fadeInLeft&quot;}\" data-widget_type=\"heading.default\">\n\t\t\t\t<div class=\"elementor-widget-container\">\n\t\t\t\t\t<h2 class=\"elementor-heading-title elementor-size-default\">Viinistu Kunstimuuseumis 10.09.2017 \u2013 9.10-2017<\/h2>\t\t\t\t<\/div>\n\t\t\t\t<\/div>\n\t\t\t\t\t<\/div>\n\t\t<\/div>\n\t\t\t\t\t<\/div>\n\t\t<\/section>\n\t\t\t\t<section class=\"elementor-section elementor-top-section elementor-element elementor-element-3d08d2c elementor-section-boxed elementor-section-height-default elementor-section-height-default\" data-id=\"3d08d2c\" data-element_type=\"section\" data-e-type=\"section\">\n\t\t\t\t\t\t<div class=\"elementor-container elementor-column-gap-default\">\n\t\t\t\t\t<div class=\"elementor-column elementor-col-50 elementor-top-column elementor-element elementor-element-f830a06\" data-id=\"f830a06\" data-element_type=\"column\" data-e-type=\"column\">\n\t\t\t<div class=\"elementor-widget-wrap elementor-element-populated\">\n\t\t\t\t\t\t<div class=\"elementor-element elementor-element-7ffad9bb elementor-widget elementor-widget-text-editor\" data-id=\"7ffad9bb\" data-element_type=\"widget\" data-e-type=\"widget\" data-widget_type=\"text-editor.default\">\n\t\t\t\t<div class=\"elementor-widget-container\">\n\t\t\t\t\t\t\t\t\t<p><strong>P\u00fchap\u00e4eval kell 17:00 avatakse Viinistu Kunstimuuseumis Raivo Korstniku retrospektiivn\u00e4ituste sarja episood lll: \u201cTagasivaates &#8211; meri ja naised\u201d.<\/strong><br \/><strong>85. juubeliaastale p\u00fchendatud n\u00e4ituste sari annab l\u00e4bil\u00f5ike Raivo Korstniku (1932-1992) loomingust 1950-ndate aastate l\u00f5pust kuni 1992. aastani. Suur osa eksponeeritavat loomingust j\u00f5uab avalikkuse ette esmakordselt &#8211; teosed p\u00e4rinevad kunstniku perekonna erakogust ja on spetsiaalselt selle n\u00e4ituste sarja tarbeks taastatud.<\/strong><\/p><p>Kui varasemad n\u00e4ituste sarja episoodid keskendusid Korstniku uuemale kubistlike ja s\u00fcrrealistlike sugemetega loomingule, siis episood lll v\u00f5tab ette ette varasemast loomingust enim esilet\u00f5stetud rahvusromantilise suuna, kus tema lemmikmotiiviks on kujunenud elu rannikul, meri ja kalurid.<\/p><p>Korstnik suhtub kaluritesse suure lugupidamise ja austusega. Meeleolu maalidel on vaikne ja t\u00f5sine, kalurid on toimetamas oma argip\u00e4evaseid tegevusi v\u00f5i vaatamas vaikides kaugustesse. Nende n\u00e4od on karmid aga siirad. Paadinina ees loksuvad lained ja ees on ootamas ettearvamatu meri.<\/p><p>K\u00f5rvaloleva n\u00e4ituseruumi t\u00e4idavad t\u00e4iesti vastandlikust helgest unelmate maailmast p\u00e4rit naisaktid. Korstniku 1960-ndatest p\u00e4rit aktimaalid ei ole samast olustikust kui meremehed, nende stiil ja v\u00e4rvid on v\u00e4ljendusrikkad, kirevad, maalidel poseerivad muusad on p\u00e4rit pigem mingist ideaalmaailmast kui karmist rannaelust.<br \/>Nad on seal, et vaatajat inspireerida millegi materiaalselt k\u00e4ttesaamatu poole.<\/p><p>N\u00e4itus on eksponeeritud Viinistu Kunstimuuseumi \u201ct\u00fcnnides\u201d, mis varasemalt olid kohaliku kalakombinaadi osa.<\/p><p>N\u00e4itus j\u00e4\u00e4b avatuks kuni 9.oktoobrini 2017.<br \/>N\u00e4ituse korraldasid koost\u00f6\u00f6s Fahle Galerii, Meelis Tammem\u00e4gi ja Maarja Korstnik.<\/p><p><strong>Kajastus:<br \/><\/strong><a href=\"https:\/\/sonumitooja.ee\/sundmus\/viinistu-kunstimuuseum-raivo-korstniku-naitus-tagasivaates-meri-ja-naised\/\">https:\/\/sonumitooja.ee\/sundmus\/viinistu-kunstimuuseum-raivo-korstniku-naitus-tagasivaates-meri-ja-naised\/<\/a><br \/><a href=\"https:\/\/fi-fi.facebook.com\/events\/viinistu-kunstimuuseum\/raivo-korstnik-tagasivaates-meri-ja-naised\/120492275333234\/\">https:\/\/fi-fi.facebook.com\/events\/viinistu-kunstimuuseum\/raivo-korstnik-tagasivaates-meri-ja-naised\/120492275333234\/<\/a><\/p>\t\t\t\t\t\t\t\t<\/div>\n\t\t\t\t<\/div>\n\t\t\t\t\t<\/div>\n\t\t<\/div>\n\t\t\t\t<div class=\"elementor-column elementor-col-50 elementor-top-column elementor-element elementor-element-48f5136e\" data-id=\"48f5136e\" data-element_type=\"column\" data-e-type=\"column\">\n\t\t\t<div class=\"elementor-widget-wrap elementor-element-populated\">\n\t\t\t\t\t\t<div class=\"elementor-element elementor-element-473b696d elementor-widget elementor-widget-image\" data-id=\"473b696d\" data-element_type=\"widget\" data-e-type=\"widget\" data-widget_type=\"image.default\">\n\t\t\t\t<div class=\"elementor-widget-container\">\n\t\t\t\t\t\t\t\t\t\t\t\t\t\t\t<img fetchpriority=\"high\" decoding=\"async\" width=\"1024\" height=\"795\" src=\"https:\/\/raivo.korstnik.eu\/wp-content\/uploads\/238-1024x795.png\" class=\"attachment-large size-large wp-image-2889\" alt=\"\" srcset=\"https:\/\/raivo.korstnik.eu\/wp-content\/uploads\/238-1024x795.png 1024w, https:\/\/raivo.korstnik.eu\/wp-content\/uploads\/238-600x466.png 600w, https:\/\/raivo.korstnik.eu\/wp-content\/uploads\/238-300x233.png 300w, https:\/\/raivo.korstnik.eu\/wp-content\/uploads\/238-768x596.png 768w, https:\/\/raivo.korstnik.eu\/wp-content\/uploads\/238.png 1346w\" sizes=\"(max-width: 1024px) 100vw, 1024px\" \/>\t\t\t\t\t\t\t\t\t\t\t\t\t\t\t<\/div>\n\t\t\t\t<\/div>\n\t\t\t\t\t<\/div>\n\t\t<\/div>\n\t\t\t\t\t<\/div>\n\t\t<\/section>\n\t\t\t\t<section class=\"elementor-section elementor-top-section elementor-element elementor-element-102d4c22 elementor-section-boxed elementor-section-height-default elementor-section-height-default\" data-id=\"102d4c22\" data-element_type=\"section\" data-e-type=\"section\">\n\t\t\t\t\t\t<div class=\"elementor-container elementor-column-gap-default\">\n\t\t\t\t\t<div class=\"elementor-column elementor-col-100 elementor-top-column elementor-element elementor-element-1aabedb6\" data-id=\"1aabedb6\" data-element_type=\"column\" data-e-type=\"column\">\n\t\t\t<div class=\"elementor-widget-wrap elementor-element-populated\">\n\t\t\t\t\t\t<div class=\"elementor-element elementor-element-2fd15ec4 elementor-widget elementor-widget-text-editor\" data-id=\"2fd15ec4\" data-element_type=\"widget\" data-e-type=\"widget\" data-widget_type=\"text-editor.default\">\n\t\t\t\t<div class=\"elementor-widget-container\">\n\t\t\t\t\t\t\t\t\t<h3>N\u00e4itusel olid teosed:<\/h3><p><div class=\"woocommerce columns-4\"><ul class=\"products columns-4\">\n<li class=\"product type-product post-2588 status-publish first instock product_cat-maastikud product_tag-70x50 product_tag-kontrolli product_tag-maastik product_tag-meri-ja-naised-viinistu-kunstimuuseumis product_tag-perekogu product_tag-raamitud product_tag-sotsrealismist-modernismini-avangardis has-post-thumbnail shipping-taxable product-type-simple\">\n\t<a href=\"https:\/\/raivo.korstnik.eu\/en\/kataloog\/110\/\" class=\"woocommerce-LoopProduct-link woocommerce-loop-product__link\"><img decoding=\"async\" width=\"600\" height=\"600\" src=\"https:\/\/raivo.korstnik.eu\/wp-content\/uploads\/140-600x600.png\" class=\"attachment-woocommerce_thumbnail size-woocommerce_thumbnail\" alt=\"Maastik\" srcset=\"https:\/\/raivo.korstnik.eu\/wp-content\/uploads\/140-600x600.png 600w, https:\/\/raivo.korstnik.eu\/wp-content\/uploads\/140-100x100.png 100w\" sizes=\"(max-width: 600px) 100vw, 600px\" \/><h2 class=\"woocommerce-loop-product__title\">Maastik<\/h2><\/a><\/li>\n<li class=\"product type-product post-2589 status-publish instock product_cat-maastikud product_tag-70x50 product_tag-maastik product_tag-meri-ja-naised-viinistu-kunstimuuseumis product_tag-perekogu product_tag-raamitud product_tag-sotsrealismist-modernismini-avangardis has-post-thumbnail shipping-taxable product-type-simple\">\n\t<a href=\"https:\/\/raivo.korstnik.eu\/en\/kataloog\/112\/\" class=\"woocommerce-LoopProduct-link woocommerce-loop-product__link\"><img decoding=\"async\" width=\"600\" height=\"600\" src=\"https:\/\/raivo.korstnik.eu\/wp-content\/uploads\/141-600x600.png\" class=\"attachment-woocommerce_thumbnail size-woocommerce_thumbnail\" alt=\"Maastik\" srcset=\"https:\/\/raivo.korstnik.eu\/wp-content\/uploads\/141-600x600.png 600w, https:\/\/raivo.korstnik.eu\/wp-content\/uploads\/141-100x100.png 100w\" sizes=\"(max-width: 600px) 100vw, 600px\" \/><h2 class=\"woocommerce-loop-product__title\">Maastik<\/h2><\/a><\/li>\n<li class=\"product type-product post-2738 status-publish instock product_cat-moodne product_cat-aktid product_cat-figuraalne product_cat-portreed-ja-aktid product_tag-akt product_tag-kohvikus-fellin product_tag-meri-ja-naised-viinistu-kunstimuuseumis product_tag-moodne product_tag-perekogu product_tag-raamil product_tag-raamitud product_tag-salongis-ja-ateljees-solaris-galerii product_tag-sotsrealismist-modernismini-avangardis product_tag-tagasivaates-fahle-galeriis product_tag-tartu-tanavatel-tartu-kunstimajas has-post-thumbnail shipping-taxable product-type-simple\">\n\t<a href=\"https:\/\/raivo.korstnik.eu\/en\/kataloog\/600\/\" class=\"woocommerce-LoopProduct-link woocommerce-loop-product__link\"><img loading=\"lazy\" decoding=\"async\" width=\"600\" height=\"600\" src=\"https:\/\/raivo.korstnik.eu\/wp-content\/uploads\/189-1-600x600.png\" class=\"attachment-woocommerce_thumbnail size-woocommerce_thumbnail\" alt=\"Trepp\" srcset=\"https:\/\/raivo.korstnik.eu\/wp-content\/uploads\/189-1-600x600.png 600w, https:\/\/raivo.korstnik.eu\/wp-content\/uploads\/189-1-100x100.png 100w\" sizes=\"(max-width: 600px) 100vw, 600px\" \/><h2 class=\"woocommerce-loop-product__title\">Trepp<\/h2><\/a><\/li>\n<li class=\"product type-product post-2550 status-publish last instock product_cat-moodne product_cat-aktid product_cat-figuraalne product_cat-portreed-ja-aktid product_tag-70x50 product_tag-akt product_tag-kavand product_tag-meri-ja-naised-viinistu-kunstimuuseumis product_tag-moodne product_tag-perekogu product_tag-raamitud product_tag-salongis-ja-ateljees-solaris-galerii product_tag-sotsrealismist-modernismini-avangardis product_tag-tagasivaates-fahle-galeriis product_tag-tartu-tanavatel-tartu-kunstimajas has-post-thumbnail shipping-taxable product-type-simple\">\n\t<a href=\"https:\/\/raivo.korstnik.eu\/en\/kataloog\/601\/\" class=\"woocommerce-LoopProduct-link woocommerce-loop-product__link\"><img loading=\"lazy\" decoding=\"async\" width=\"600\" height=\"600\" src=\"https:\/\/raivo.korstnik.eu\/wp-content\/uploads\/126-600x600.png\" class=\"attachment-woocommerce_thumbnail size-woocommerce_thumbnail\" alt=\"Trepp (kartongil)\" srcset=\"https:\/\/raivo.korstnik.eu\/wp-content\/uploads\/126-600x600.png 600w, https:\/\/raivo.korstnik.eu\/wp-content\/uploads\/126-100x100.png 100w\" sizes=\"(max-width: 600px) 100vw, 600px\" \/><h2 class=\"woocommerce-loop-product__title\">Trepp (kartongil)<\/h2><\/a><\/li>\n<li class=\"product type-product post-2888 status-publish first instock product_cat-aktid product_cat-figuraalne product_cat-portreed-ja-aktid product_tag-akt product_tag-kohvikus-fellin product_tag-meri-ja-naised-viinistu-kunstimuuseumis product_tag-perekogu product_tag-raamil product_tag-salongis-ja-ateljees-solaris-galerii product_tag-tagasivaates-fahle-galeriis product_tag-tartu-tanavatel-tartu-kunstimajas has-post-thumbnail shipping-taxable product-type-simple\">\n\t<a href=\"https:\/\/raivo.korstnik.eu\/en\/kataloog\/610\/\" class=\"woocommerce-LoopProduct-link woocommerce-loop-product__link\"><img loading=\"lazy\" decoding=\"async\" width=\"600\" height=\"600\" src=\"https:\/\/raivo.korstnik.eu\/wp-content\/uploads\/239-600x600.png\" class=\"attachment-woocommerce_thumbnail size-woocommerce_thumbnail\" alt=\"Akt kollasel\" srcset=\"https:\/\/raivo.korstnik.eu\/wp-content\/uploads\/239-600x600.png 600w, https:\/\/raivo.korstnik.eu\/wp-content\/uploads\/239-100x100.png 100w\" sizes=\"(max-width: 600px) 100vw, 600px\" \/><h2 class=\"woocommerce-loop-product__title\">Akt kollasel<\/h2><\/a><\/li>\n<li class=\"product type-product post-2750 status-publish instock product_cat-aktid product_cat-figuraalne product_cat-portreed-ja-aktid product_tag-akt product_tag-meri-ja-naised-ruhnu-kultuuriaidas product_tag-meri-ja-naised-viinistu-kunstimuuseumis product_tag-perekogu product_tag-raamil product_tag-salongis-ja-ateljees-solaris-galerii product_tag-tagasivaates-fahle-galeriis has-post-thumbnail shipping-taxable product-type-simple\">\n\t<a href=\"https:\/\/raivo.korstnik.eu\/en\/kataloog\/611\/\" class=\"woocommerce-LoopProduct-link woocommerce-loop-product__link\"><img loading=\"lazy\" decoding=\"async\" width=\"600\" height=\"600\" src=\"https:\/\/raivo.korstnik.eu\/wp-content\/uploads\/194-600x600.png\" class=\"attachment-woocommerce_thumbnail size-woocommerce_thumbnail\" alt=\"Akt rohelisel\" srcset=\"https:\/\/raivo.korstnik.eu\/wp-content\/uploads\/194-600x600.png 600w, https:\/\/raivo.korstnik.eu\/wp-content\/uploads\/194-100x100.png 100w\" sizes=\"(max-width: 600px) 100vw, 600px\" \/><h2 class=\"woocommerce-loop-product__title\">Akt rohelisel<\/h2><\/a><\/li>\n<li class=\"product type-product post-2746 status-publish instock product_cat-aktid product_cat-figuraalne product_cat-portreed-ja-aktid product_tag-akt product_tag-meri-ja-naised-ruhnu-kultuuriaidas product_tag-meri-ja-naised-viinistu-kunstimuuseumis product_tag-perekogu product_tag-raamil product_tag-salongis-ja-ateljees-solaris-galerii product_tag-tagasivaates-fahle-galeriis has-post-thumbnail shipping-taxable product-type-simple\">\n\t<a href=\"https:\/\/raivo.korstnik.eu\/en\/kataloog\/612\/\" class=\"woocommerce-LoopProduct-link woocommerce-loop-product__link\"><img loading=\"lazy\" decoding=\"async\" width=\"600\" height=\"600\" src=\"https:\/\/raivo.korstnik.eu\/wp-content\/uploads\/193-600x600.png\" class=\"attachment-woocommerce_thumbnail size-woocommerce_thumbnail\" alt=\"Akt sinisel\" srcset=\"https:\/\/raivo.korstnik.eu\/wp-content\/uploads\/193-600x600.png 600w, https:\/\/raivo.korstnik.eu\/wp-content\/uploads\/193-100x100.png 100w\" sizes=\"(max-width: 600px) 100vw, 600px\" \/><h2 class=\"woocommerce-loop-product__title\">Akt sinisel<\/h2><\/a><\/li>\n<li class=\"product type-product post-2735 status-publish last instock product_cat-moodne product_cat-kompositsioonid product_tag-kohvikus-fellin product_tag-kompositsioon product_tag-meri-ja-naised-viinistu-kunstimuuseumis product_tag-moodne product_tag-perekogu product_tag-raamil product_tag-raamitud product_tag-tagasivaates-fahle-galeriis product_tag-tartu-tanavatel-tartu-kunstimajas has-post-thumbnail shipping-taxable product-type-simple\">\n\t<a href=\"https:\/\/raivo.korstnik.eu\/en\/kataloog\/290\/\" class=\"woocommerce-LoopProduct-link woocommerce-loop-product__link\"><img loading=\"lazy\" decoding=\"async\" width=\"600\" height=\"600\" src=\"https:\/\/raivo.korstnik.eu\/wp-content\/uploads\/191-600x600.png\" class=\"attachment-woocommerce_thumbnail size-woocommerce_thumbnail\" alt=\"Esemed\" srcset=\"https:\/\/raivo.korstnik.eu\/wp-content\/uploads\/191-600x600.png 600w, https:\/\/raivo.korstnik.eu\/wp-content\/uploads\/191-100x100.png 100w\" sizes=\"(max-width: 600px) 100vw, 600px\" \/><h2 class=\"woocommerce-loop-product__title\">Esemed<\/h2><\/a><\/li>\n<li class=\"product type-product post-2774 status-publish first outofstock product_cat-moodne product_cat-figuraalne product_cat-portreed product_cat-portreed-ja-aktid product_tag-figuraalne product_tag-meri-ja-naised-viinistu-kunstimuuseumis product_tag-moodne product_tag-portree product_tag-raamil product_tag-tartu-tanavatel-tartu-kunstimajas product_tag-vernissage has-post-thumbnail shipping-taxable purchasable product-type-simple\">\n\t<a href=\"https:\/\/raivo.korstnik.eu\/en\/kataloog\/701\/\" class=\"woocommerce-LoopProduct-link woocommerce-loop-product__link\"><img loading=\"lazy\" decoding=\"async\" width=\"600\" height=\"600\" src=\"https:\/\/raivo.korstnik.eu\/wp-content\/uploads\/202-600x600.png\" class=\"attachment-woocommerce_thumbnail size-woocommerce_thumbnail\" alt=\"Mari\" srcset=\"https:\/\/raivo.korstnik.eu\/wp-content\/uploads\/202-600x600.png 600w, https:\/\/raivo.korstnik.eu\/wp-content\/uploads\/202-100x100.png 100w\" sizes=\"(max-width: 600px) 100vw, 600px\" \/><h2 class=\"woocommerce-loop-product__title\">Mari<\/h2><\/a><\/li>\n<li class=\"product type-product post-2473 status-publish outofstock product_cat-maastikud product_tag-70x50 product_tag-alacarte product_tag-maastik product_tag-meri-ja-naised-viinistu-kunstimuuseumis product_tag-perekogu product_tag-raamitud product_tag-sotsrealismist-modernismini-avangardis has-post-thumbnail shipping-taxable product-type-simple\">\n\t<a href=\"https:\/\/raivo.korstnik.eu\/en\/kataloog\/117\/\" class=\"woocommerce-LoopProduct-link woocommerce-loop-product__link\"><img loading=\"lazy\" decoding=\"async\" width=\"600\" height=\"600\" src=\"https:\/\/raivo.korstnik.eu\/wp-content\/uploads\/100-600x600.png\" class=\"attachment-woocommerce_thumbnail size-woocommerce_thumbnail\" alt=\"Valgej\u00e4rve maastik\" srcset=\"https:\/\/raivo.korstnik.eu\/wp-content\/uploads\/100-600x600.png 600w, https:\/\/raivo.korstnik.eu\/wp-content\/uploads\/100-100x100.png 100w\" sizes=\"(max-width: 600px) 100vw, 600px\" \/><h2 class=\"woocommerce-loop-product__title\">Valgej\u00e4rve maastik<\/h2><\/a><\/li>\n<li class=\"product type-product post-2468 status-publish outofstock product_cat-linnavaade product_tag-70x50 product_tag-avangard product_tag-maastik product_tag-meri-ja-naised-viinistu-kunstimuuseumis product_tag-sotsrealismist-modernismini-avangardis product_tag-toostusmaastik has-post-thumbnail shipping-taxable product-type-simple\">\n\t<a href=\"https:\/\/raivo.korstnik.eu\/en\/kataloog\/119\/\" class=\"woocommerce-LoopProduct-link woocommerce-loop-product__link\"><img loading=\"lazy\" decoding=\"async\" width=\"600\" height=\"600\" src=\"https:\/\/raivo.korstnik.eu\/wp-content\/uploads\/99-600x600.png\" class=\"attachment-woocommerce_thumbnail size-woocommerce_thumbnail\" alt=\"Palgid j\u00f5es\" srcset=\"https:\/\/raivo.korstnik.eu\/wp-content\/uploads\/99-600x600.png 600w, https:\/\/raivo.korstnik.eu\/wp-content\/uploads\/99-100x100.png 100w\" sizes=\"(max-width: 600px) 100vw, 600px\" \/><h2 class=\"woocommerce-loop-product__title\">Palgid j\u00f5es<\/h2><\/a><\/li>\n<li class=\"product type-product post-2883 status-publish last instock product_cat-maastikud product_tag-70x50 product_tag-maastik product_tag-meri-ja-naised-viinistu-kunstimuuseumis product_tag-perekogu product_tag-raamitud product_tag-salongis-ja-ateljees-solaris-galerii product_tag-sotsrealismist-modernismini-avangardis has-post-thumbnail shipping-taxable product-type-simple\">\n\t<a href=\"https:\/\/raivo.korstnik.eu\/en\/kataloog\/113\/\" class=\"woocommerce-LoopProduct-link woocommerce-loop-product__link\"><img loading=\"lazy\" decoding=\"async\" width=\"600\" height=\"600\" src=\"https:\/\/raivo.korstnik.eu\/wp-content\/uploads\/237-600x600.png\" class=\"attachment-woocommerce_thumbnail size-woocommerce_thumbnail\" alt=\"S\u00fcgisene maastik\" srcset=\"https:\/\/raivo.korstnik.eu\/wp-content\/uploads\/237-600x600.png 600w, https:\/\/raivo.korstnik.eu\/wp-content\/uploads\/237-100x100.png 100w\" sizes=\"(max-width: 600px) 100vw, 600px\" \/><h2 class=\"woocommerce-loop-product__title\">S\u00fcgisene maastik<\/h2><\/a><\/li>\n<li class=\"product type-product post-2272 status-publish first outofstock product_cat-moodne product_cat-eesti-kunstimuuseumi-kogu product_cat-maastikud product_tag-kohvikus-fellin product_tag-kumu product_tag-maastik product_tag-meri-ja-naised-viinistu-kunstimuuseumis product_tag-tagasivaates-fahle-galeriis has-post-thumbnail shipping-taxable product-type-simple\">\n\t<a href=\"https:\/\/raivo.korstnik.eu\/en\/kataloog\/271\/\" class=\"woocommerce-LoopProduct-link woocommerce-loop-product__link\"><img loading=\"lazy\" decoding=\"async\" width=\"600\" height=\"600\" src=\"https:\/\/raivo.korstnik.eu\/wp-content\/uploads\/RK271_EKM59336-600x600.jpg\" class=\"attachment-woocommerce_thumbnail size-woocommerce_thumbnail\" alt=\"Mere\u00e4\u00e4rne\" srcset=\"https:\/\/raivo.korstnik.eu\/wp-content\/uploads\/RK271_EKM59336-600x600.jpg 600w, https:\/\/raivo.korstnik.eu\/wp-content\/uploads\/RK271_EKM59336-100x100.jpg 100w, https:\/\/raivo.korstnik.eu\/wp-content\/uploads\/RK271_EKM59336-80x80.jpg 80w\" sizes=\"(max-width: 600px) 100vw, 600px\" \/><h2 class=\"woocommerce-loop-product__title\">Mere\u00e4\u00e4rne<\/h2><\/a><\/li>\n<li class=\"product type-product post-2728 status-publish instock product_cat-kalurid-ja-meri product_cat-portreed product_cat-portreed-ja-aktid product_tag-kalurid product_tag-meri-ja-naised-ruhnu-kultuuriaidas product_tag-meri-ja-naised-viinistu-kunstimuuseumis product_tag-perekogu product_tag-portree product_tag-raamil product_tag-raamitud product_tag-tartu-tanavatel-tartu-kunstimajas has-post-thumbnail shipping-taxable product-type-simple\">\n\t<a href=\"https:\/\/raivo.korstnik.eu\/en\/kataloog\/861\/\" class=\"woocommerce-LoopProduct-link woocommerce-loop-product__link\"><img loading=\"lazy\" decoding=\"async\" width=\"600\" height=\"600\" src=\"https:\/\/raivo.korstnik.eu\/wp-content\/uploads\/186-600x600.png\" class=\"attachment-woocommerce_thumbnail size-woocommerce_thumbnail\" alt=\"Vana kaluri portree\" srcset=\"https:\/\/raivo.korstnik.eu\/wp-content\/uploads\/186-600x600.png 600w, https:\/\/raivo.korstnik.eu\/wp-content\/uploads\/186-100x100.png 100w\" sizes=\"(max-width: 600px) 100vw, 600px\" \/><h2 class=\"woocommerce-loop-product__title\">Vana kaluri portree<\/h2><\/a><\/li>\n<li class=\"product type-product post-2725 status-publish instock product_cat-figuraalne product_cat-kalurid-ja-meri product_cat-portreed product_cat-portreed-ja-aktid product_tag-kalurid product_tag-meri-ja-naised-ruhnu-kultuuriaidas product_tag-meri-ja-naised-viinistu-kunstimuuseumis product_tag-perekogu product_tag-portree product_tag-raamil product_tag-raamitud product_tag-tartu-tanavatel-tartu-kunstimajas has-post-thumbnail shipping-taxable product-type-simple\">\n\t<a href=\"https:\/\/raivo.korstnik.eu\/en\/kataloog\/862\/\" class=\"woocommerce-LoopProduct-link woocommerce-loop-product__link\"><img loading=\"lazy\" decoding=\"async\" width=\"600\" height=\"600\" src=\"https:\/\/raivo.korstnik.eu\/wp-content\/uploads\/185-600x600.png\" class=\"attachment-woocommerce_thumbnail size-woocommerce_thumbnail\" alt=\"Kaluri portree\" srcset=\"https:\/\/raivo.korstnik.eu\/wp-content\/uploads\/185-600x600.png 600w, https:\/\/raivo.korstnik.eu\/wp-content\/uploads\/185-100x100.png 100w\" sizes=\"(max-width: 600px) 100vw, 600px\" \/><h2 class=\"woocommerce-loop-product__title\">Kaluri portree<\/h2><\/a><\/li>\n<li class=\"product type-product post-2886 status-publish last outofstock product_cat-kalurid-ja-meri product_tag-meri product_tag-meri-ja-naised-viinistu-kunstimuuseumis product_tag-pruuli product_tag-raamil product_tag-tartu-tanavatel-tartu-kunstimajas has-post-thumbnail shipping-taxable product-type-simple\">\n\t<a href=\"https:\/\/raivo.korstnik.eu\/en\/kataloog\/875\/\" class=\"woocommerce-LoopProduct-link woocommerce-loop-product__link\"><img loading=\"lazy\" decoding=\"async\" width=\"600\" height=\"600\" src=\"https:\/\/raivo.korstnik.eu\/wp-content\/uploads\/238-600x600.png\" class=\"attachment-woocommerce_thumbnail size-woocommerce_thumbnail\" alt=\"Paadinina\" srcset=\"https:\/\/raivo.korstnik.eu\/wp-content\/uploads\/238-600x600.png 600w, https:\/\/raivo.korstnik.eu\/wp-content\/uploads\/238-100x100.png 100w\" sizes=\"(max-width: 600px) 100vw, 600px\" \/><h2 class=\"woocommerce-loop-product__title\">Paadinina<\/h2><\/a><\/li>\n<li class=\"product type-product post-2772 status-publish first onbackorder product_cat-figuraalne product_cat-kalurid-ja-meri product_cat-portreed product_cat-portreed-ja-aktid product_tag-kalurid product_tag-meri-ja-naised-ruhnu-kultuuriaidas product_tag-meri-ja-naised-viinistu-kunstimuuseumis product_tag-perekogu product_tag-portree product_tag-raamil product_tag-raamitud product_tag-sotsrealismist-modernismini-avangardis product_tag-tagasivaates-fahle-galeriis product_tag-tartu-tanavatel-tartu-kunstimajas has-post-thumbnail shipping-taxable product-type-simple\">\n\t<a href=\"https:\/\/raivo.korstnik.eu\/en\/kataloog\/863\/\" class=\"woocommerce-LoopProduct-link woocommerce-loop-product__link\"><img loading=\"lazy\" decoding=\"async\" width=\"600\" height=\"600\" src=\"https:\/\/raivo.korstnik.eu\/wp-content\/uploads\/201-600x600.png\" class=\"attachment-woocommerce_thumbnail size-woocommerce_thumbnail\" alt=\"Seisev kalur\" srcset=\"https:\/\/raivo.korstnik.eu\/wp-content\/uploads\/201-600x600.png 600w, https:\/\/raivo.korstnik.eu\/wp-content\/uploads\/201-100x100.png 100w\" sizes=\"(max-width: 600px) 100vw, 600px\" \/><h2 class=\"woocommerce-loop-product__title\">Seisev kalur<\/h2><\/a><\/li>\n<li class=\"product type-product post-2743 status-publish instock product_cat-figuraalne product_cat-kalurid-ja-meri product_cat-portreed product_cat-portreed-ja-aktid product_tag-kalurid product_tag-meri-ja-naised-ruhnu-kultuuriaidas product_tag-meri-ja-naised-viinistu-kunstimuuseumis product_tag-perekogu product_tag-portree product_tag-raamil product_tag-sotsrealismist-modernismini-avangardis product_tag-tagasivaates-fahle-galeriis product_tag-tartu-tanavatel-tartu-kunstimajas has-post-thumbnail shipping-taxable product-type-simple\">\n\t<a href=\"https:\/\/raivo.korstnik.eu\/en\/kataloog\/865\/\" class=\"woocommerce-LoopProduct-link woocommerce-loop-product__link\"><img loading=\"lazy\" decoding=\"async\" width=\"600\" height=\"600\" src=\"https:\/\/raivo.korstnik.eu\/wp-content\/uploads\/192-600x600.png\" class=\"attachment-woocommerce_thumbnail size-woocommerce_thumbnail\" alt=\"Istuv kalur\" srcset=\"https:\/\/raivo.korstnik.eu\/wp-content\/uploads\/192-600x600.png 600w, https:\/\/raivo.korstnik.eu\/wp-content\/uploads\/192-100x100.png 100w\" sizes=\"(max-width: 600px) 100vw, 600px\" \/><h2 class=\"woocommerce-loop-product__title\">Istuv kalur<\/h2><\/a><\/li>\n<li class=\"product type-product post-2757 status-publish instock product_cat-figuraalne product_cat-kalurid-ja-meri product_cat-portreed product_cat-portreed-ja-aktid product_tag-kalurid product_tag-meri-ja-naised-ruhnu-kultuuriaidas product_tag-meri-ja-naised-viinistu-kunstimuuseumis product_tag-perekogu product_tag-portree product_tag-raamil product_tag-tagasivaates-fahle-galeriis product_tag-tartu-tanavatel-tartu-kunstimajas has-post-thumbnail shipping-taxable product-type-simple\">\n\t<a href=\"https:\/\/raivo.korstnik.eu\/en\/kataloog\/866\/\" class=\"woocommerce-LoopProduct-link woocommerce-loop-product__link\"><img loading=\"lazy\" decoding=\"async\" width=\"600\" height=\"600\" src=\"https:\/\/raivo.korstnik.eu\/wp-content\/uploads\/198-600x600.png\" class=\"attachment-woocommerce_thumbnail size-woocommerce_thumbnail\" alt=\"Kalur sigaretiga\" srcset=\"https:\/\/raivo.korstnik.eu\/wp-content\/uploads\/198-600x600.png 600w, https:\/\/raivo.korstnik.eu\/wp-content\/uploads\/198-100x100.png 100w\" sizes=\"(max-width: 600px) 100vw, 600px\" \/><h2 class=\"woocommerce-loop-product__title\">Kalur sigaretiga<\/h2><\/a><\/li>\n<li class=\"product type-product post-2066 status-publish last instock product_cat-figuraalne product_cat-kalurid-ja-meri product_cat-portreed product_tag-kalurid product_tag-meri-ja-naised-ruhnu-kultuuriaidas product_tag-meri-ja-naised-viinistu-kunstimuuseumis product_tag-perekogu product_tag-portree product_tag-raamil product_tag-sotsrealismist-modernismini-avangardis product_tag-tagasivaates-fahle-galeriis product_tag-tartu-tanavatel-tartu-kunstimajas has-post-thumbnail shipping-taxable product-type-simple\">\n\t<a href=\"https:\/\/raivo.korstnik.eu\/en\/kataloog\/867\/\" class=\"woocommerce-LoopProduct-link woocommerce-loop-product__link\"><img loading=\"lazy\" decoding=\"async\" width=\"600\" height=\"600\" src=\"https:\/\/raivo.korstnik.eu\/wp-content\/uploads\/Screenshot-2020-10-22-at-23.19.32-600x600.png\" class=\"attachment-woocommerce_thumbnail size-woocommerce_thumbnail\" alt=\"Kalur saapaga\" srcset=\"https:\/\/raivo.korstnik.eu\/wp-content\/uploads\/Screenshot-2020-10-22-at-23.19.32-600x600.png 600w, https:\/\/raivo.korstnik.eu\/wp-content\/uploads\/Screenshot-2020-10-22-at-23.19.32-100x100.png 100w, https:\/\/raivo.korstnik.eu\/wp-content\/uploads\/Screenshot-2020-10-22-at-23.19.32-150x150.png 150w\" sizes=\"(max-width: 600px) 100vw, 600px\" \/><h2 class=\"woocommerce-loop-product__title\">Kalur saapaga<\/h2><\/a><\/li>\n<li class=\"product type-product post-3186 status-publish first instock product_cat-figuraalne product_cat-kalurid-ja-meri product_cat-portreed product_tag-kalurid product_tag-meri-ja-naised-ruhnu-kultuuriaidas product_tag-meri-ja-naised-viinistu-kunstimuuseumis product_tag-perekogu product_tag-portree product_tag-raamil product_tag-sotsrealismist-modernismini-avangardis product_tag-tagasivaates-fahle-galeriis product_tag-tartu-tanavatel-tartu-kunstimajas has-post-thumbnail shipping-taxable product-type-simple\">\n\t<a href=\"https:\/\/raivo.korstnik.eu\/en\/kataloog\/868\/\" class=\"woocommerce-LoopProduct-link woocommerce-loop-product__link\"><img loading=\"lazy\" decoding=\"async\" width=\"600\" height=\"600\" src=\"https:\/\/raivo.korstnik.eu\/wp-content\/uploads\/IMG_0575-scaled-600x600.jpg\" class=\"attachment-woocommerce_thumbnail size-woocommerce_thumbnail\" alt=\"Kalurid\" srcset=\"https:\/\/raivo.korstnik.eu\/wp-content\/uploads\/IMG_0575-scaled-600x600.jpg 600w, https:\/\/raivo.korstnik.eu\/wp-content\/uploads\/IMG_0575-scaled-100x100.jpg 100w\" sizes=\"(max-width: 600px) 100vw, 600px\" \/><h2 class=\"woocommerce-loop-product__title\">Kalurid<\/h2><\/a><\/li>\n<li class=\"product type-product post-2679 status-publish instock product_cat-kalurid-ja-meri product_cat-maastikud product_tag-35x50 product_tag-maastik product_tag-meri product_tag-meri-ja-naised-ruhnu-kultuuriaidas product_tag-meri-ja-naised-viinistu-kunstimuuseumis product_tag-perekogu product_tag-tartu-tanavatel-tartu-kunstimajas has-post-thumbnail shipping-taxable product-type-simple\">\n\t<a href=\"https:\/\/raivo.korstnik.eu\/en\/kataloog\/232\/\" class=\"woocommerce-LoopProduct-link woocommerce-loop-product__link\"><img loading=\"lazy\" decoding=\"async\" width=\"600\" height=\"600\" src=\"https:\/\/raivo.korstnik.eu\/wp-content\/uploads\/172-600x600.png\" class=\"attachment-woocommerce_thumbnail size-woocommerce_thumbnail\" alt=\"Meri\" srcset=\"https:\/\/raivo.korstnik.eu\/wp-content\/uploads\/172-600x600.png 600w, https:\/\/raivo.korstnik.eu\/wp-content\/uploads\/172-100x100.png 100w\" sizes=\"(max-width: 600px) 100vw, 600px\" \/><h2 class=\"woocommerce-loop-product__title\">Meri<\/h2><\/a><\/li>\n<li class=\"product type-product post-2689 status-publish instock product_cat-kalurid-ja-meri product_cat-maastikud product_tag-50x40 product_tag-maastik product_tag-meri product_tag-meri-ja-naised-viinistu-kunstimuuseumis product_tag-perekogu has-post-thumbnail shipping-taxable product-type-simple\">\n\t<a href=\"https:\/\/raivo.korstnik.eu\/en\/kataloog\/233\/\" class=\"woocommerce-LoopProduct-link woocommerce-loop-product__link\"><img loading=\"lazy\" decoding=\"async\" width=\"600\" height=\"600\" src=\"https:\/\/raivo.korstnik.eu\/wp-content\/uploads\/RK233-600x600.jpg\" class=\"attachment-woocommerce_thumbnail size-woocommerce_thumbnail\" alt=\"Meri\" srcset=\"https:\/\/raivo.korstnik.eu\/wp-content\/uploads\/RK233-600x600.jpg 600w, https:\/\/raivo.korstnik.eu\/wp-content\/uploads\/RK233-100x100.jpg 100w, https:\/\/raivo.korstnik.eu\/wp-content\/uploads\/RK233-300x300.jpg 300w\" sizes=\"(max-width: 600px) 100vw, 600px\" \/><h2 class=\"woocommerce-loop-product__title\">Meri<\/h2><\/a><\/li>\n<li class=\"product type-product post-2736 status-publish last instock product_cat-moodne product_cat-kalurid-ja-meri product_cat-maastikud product_tag-70x50 product_tag-maastik product_tag-meri product_tag-meri-ja-naised-viinistu-kunstimuuseumis product_tag-moodne product_tag-perekogu product_tag-raamitud product_tag-tagasivaates-fahle-galeriis product_tag-tartu-tanavatel-tartu-kunstimajas has-post-thumbnail shipping-taxable product-type-simple\">\n\t<a href=\"https:\/\/raivo.korstnik.eu\/en\/kataloog\/273\/\" class=\"woocommerce-LoopProduct-link woocommerce-loop-product__link\"><img loading=\"lazy\" decoding=\"async\" width=\"600\" height=\"600\" src=\"https:\/\/raivo.korstnik.eu\/wp-content\/uploads\/188-600x600.png\" class=\"attachment-woocommerce_thumbnail size-woocommerce_thumbnail\" alt=\"Peipsi\" srcset=\"https:\/\/raivo.korstnik.eu\/wp-content\/uploads\/188-600x600.png 600w, https:\/\/raivo.korstnik.eu\/wp-content\/uploads\/188-100x100.png 100w\" sizes=\"(max-width: 600px) 100vw, 600px\" \/><h2 class=\"woocommerce-loop-product__title\">Peipsi<\/h2><\/a><\/li>\n<li class=\"product type-product post-2893 status-publish first outofstock product_cat-figuraalne product_cat-portreed product_cat-portreed-ja-aktid product_cat-soviet product_tag-meri-ja-naised-ruhnu-kultuuriaidas product_tag-meri-ja-naised-viinistu-kunstimuuseumis product_tag-noar product_tag-portree product_tag-raamil product_tag-sotsrealismist-modernismini-avangardis product_tag-soviet product_tag-tagasivaates-fahle-galeriis product_tag-tartu-tanavatel-tartu-kunstimajas has-post-thumbnail shipping-taxable purchasable product-type-simple\">\n\t<a href=\"https:\/\/raivo.korstnik.eu\/en\/kataloog\/900\/\" class=\"woocommerce-LoopProduct-link woocommerce-loop-product__link\"><img loading=\"lazy\" decoding=\"async\" width=\"600\" height=\"600\" src=\"https:\/\/raivo.korstnik.eu\/wp-content\/uploads\/240-600x600.png\" class=\"attachment-woocommerce_thumbnail size-woocommerce_thumbnail\" alt=\"Vastuv\u00f5tul\" srcset=\"https:\/\/raivo.korstnik.eu\/wp-content\/uploads\/240-600x600.png 600w, https:\/\/raivo.korstnik.eu\/wp-content\/uploads\/240-100x100.png 100w\" sizes=\"(max-width: 600px) 100vw, 600px\" \/><h2 class=\"woocommerce-loop-product__title\">Vastuv\u00f5tul<\/h2><\/a><\/li>\n<li class=\"product type-product post-2148 status-publish outofstock product_cat-linnavaade product_tag-haus product_tag-meri-ja-naised-viinistu-kunstimuuseumis product_tag-sotsrealismist-modernismini-avangardis product_tag-tagasivaates-fahle-galeriis product_tag-toostusmaastik has-post-thumbnail shipping-taxable product-type-simple\">\n\t<a href=\"https:\/\/raivo.korstnik.eu\/en\/kataloog\/451\/\" class=\"woocommerce-LoopProduct-link woocommerce-loop-product__link\"><img loading=\"lazy\" decoding=\"async\" width=\"600\" height=\"600\" src=\"https:\/\/raivo.korstnik.eu\/wp-content\/uploads\/Punane-Kunda.-Kavand-600x600.jpg\" class=\"attachment-woocommerce_thumbnail size-woocommerce_thumbnail\" alt=\"Punane Kunda\" srcset=\"https:\/\/raivo.korstnik.eu\/wp-content\/uploads\/Punane-Kunda.-Kavand-600x600.jpg 600w, https:\/\/raivo.korstnik.eu\/wp-content\/uploads\/Punane-Kunda.-Kavand-100x100.jpg 100w, https:\/\/raivo.korstnik.eu\/wp-content\/uploads\/Punane-Kunda.-Kavand-150x150.jpg 150w\" sizes=\"(max-width: 600px) 100vw, 600px\" \/><h2 class=\"woocommerce-loop-product__title\">Punane Kunda<\/h2><\/a><\/li>\n<li class=\"product type-product post-2604 status-publish instock product_cat-linnavaade product_tag-70x50 product_tag-meri-ja-naised-viinistu-kunstimuuseumis product_tag-perekogu product_tag-raamitud product_tag-sotsrealismist-modernismini-avangardis product_tag-tartu-tanavatel-tartu-kunstimajas product_tag-toostusmaastik has-post-thumbnail shipping-taxable product-type-simple\">\n\t<a href=\"https:\/\/raivo.korstnik.eu\/en\/kataloog\/456\/\" class=\"woocommerce-LoopProduct-link woocommerce-loop-product__link\"><img loading=\"lazy\" decoding=\"async\" width=\"600\" height=\"600\" src=\"https:\/\/raivo.korstnik.eu\/wp-content\/uploads\/146-600x600.png\" class=\"attachment-woocommerce_thumbnail size-woocommerce_thumbnail\" alt=\"Vana tehase \u00f5u\" srcset=\"https:\/\/raivo.korstnik.eu\/wp-content\/uploads\/146-600x600.png 600w, https:\/\/raivo.korstnik.eu\/wp-content\/uploads\/146-100x100.png 100w\" sizes=\"(max-width: 600px) 100vw, 600px\" \/><h2 class=\"woocommerce-loop-product__title\">Vana tehase \u00f5u<\/h2><\/a><\/li>\n<li class=\"product type-product post-1798 status-publish last instock product_cat-linnavaade product_tag-70x50 product_tag-meri-ja-naised-viinistu-kunstimuuseumis product_tag-perekogu product_tag-raamitud product_tag-sotsrealismist-modernismini-avangardis product_tag-tartu-tanavatel-tartu-kunstimajas product_tag-toostusmaastik has-post-thumbnail shipping-taxable product-type-simple\">\n\t<a href=\"https:\/\/raivo.korstnik.eu\/en\/kataloog\/455\/\" class=\"woocommerce-LoopProduct-link woocommerce-loop-product__link\"><img loading=\"lazy\" decoding=\"async\" width=\"600\" height=\"600\" src=\"https:\/\/raivo.korstnik.eu\/wp-content\/uploads\/2_maastik-600x600.png\" class=\"attachment-woocommerce_thumbnail size-woocommerce_thumbnail\" alt=\"T\u00f6\u00f6stusmaastik\" srcset=\"https:\/\/raivo.korstnik.eu\/wp-content\/uploads\/2_maastik-600x600.png 600w, https:\/\/raivo.korstnik.eu\/wp-content\/uploads\/2_maastik-100x100.png 100w, https:\/\/raivo.korstnik.eu\/wp-content\/uploads\/2_maastik-150x150.png 150w\" sizes=\"(max-width: 600px) 100vw, 600px\" \/><h2 class=\"woocommerce-loop-product__title\">T\u00f6\u00f6stusmaastik<\/h2><\/a><\/li>\n<\/ul>\n<\/div><\/p>\t\t\t\t\t\t\t\t<\/div>\n\t\t\t\t<\/div>\n\t\t\t\t\t<\/div>\n\t\t<\/div>\n\t\t\t\t\t<\/div>\n\t\t<\/section>\n\t\t\t\t<\/div>","protected":false},"excerpt":{"rendered":"<p>Tagasivaates: Meri ja naised Viinistu Kunstimuuseumis 10.09.2017 \u2013 9.10-2017 P\u00fchap\u00e4eval kell 17:00 avatakse Viinistu Kunstimuuseumis Raivo Korstniku retrospektiivn\u00e4ituste sarja episood lll: \u201cTagasivaates &#8211; meri ja naised\u201d.85. juubeliaastale p\u00fchendatud n\u00e4ituste sari annab l\u00e4bil\u00f5ike Raivo Korstniku (1932-1992) loomingust 1950-ndate aastate l\u00f5pust kuni 1992. aastani. Suur osa eksponeeritavat loomingust j\u00f5uab avalikkuse ette esmakordselt &#8211; teosed p\u00e4rinevad kunstniku perekonna &hellip;<\/p>\n<p class=\"read-more\"> <a class=\"\" href=\"https:\/\/raivo.korstnik.eu\/en\/naitused\/meri-ja-naised-viinistu-kunstimuuseumis\/\"> <span class=\"screen-reader-text\">Meri ja naised. Viinistu Kunstimuuseumis<\/span> Read More &raquo;<\/a><\/p>","protected":false},"author":1,"featured_media":0,"parent":3645,"menu_order":0,"comment_status":"closed","ping_status":"closed","template":"","meta":{"footnotes":""},"class_list":["post-3759","page","type-page","status-publish","hentry"],"yoast_head":"<!-- This site is optimized with the Yoast SEO plugin v27.4 - https:\/\/yoast.com\/product\/yoast-seo-wordpress\/ -->\n<title>Meri ja naised. Viinistu Kunstimuuseumis - Raivo Korstnik<\/title>\n<meta name=\"robots\" content=\"index, follow, max-snippet:-1, max-image-preview:large, max-video-preview:-1\" \/>\n<link rel=\"canonical\" href=\"https:\/\/raivo.korstnik.eu\/en\/naitused\/meri-ja-naised-viinistu-kunstimuuseumis\/\" \/>\n<meta property=\"og:locale\" content=\"en_GB\" \/>\n<meta property=\"og:type\" content=\"article\" \/>\n<meta property=\"og:title\" content=\"Meri ja naised. Viinistu Kunstimuuseumis - Raivo Korstnik\" \/>\n<meta property=\"og:description\" content=\"Tagasivaates: Meri ja naised Viinistu Kunstimuuseumis 10.09.2017 \u2013 9.10-2017 P\u00fchap\u00e4eval kell 17:00 avatakse Viinistu Kunstimuuseumis Raivo Korstniku retrospektiivn\u00e4ituste sarja episood lll: \u201cTagasivaates &#8211; meri ja naised\u201d.85. juubeliaastale p\u00fchendatud n\u00e4ituste sari annab l\u00e4bil\u00f5ike Raivo Korstniku (1932-1992) loomingust 1950-ndate aastate l\u00f5pust kuni 1992. aastani. Suur osa eksponeeritavat loomingust j\u00f5uab avalikkuse ette esmakordselt &#8211; teosed p\u00e4rinevad kunstniku perekonna &hellip; Meri ja naised. Viinistu Kunstimuuseumis Read More &raquo;\" \/>\n<meta property=\"og:url\" content=\"https:\/\/raivo.korstnik.eu\/en\/naitused\/meri-ja-naised-viinistu-kunstimuuseumis\/\" \/>\n<meta property=\"og:site_name\" content=\"Raivo Korstnik\" \/>\n<meta property=\"article:modified_time\" content=\"2021-07-09T19:11:49+00:00\" \/>\n<meta property=\"og:image\" content=\"https:\/\/www.lennuk.eu\/korstnik\/korstnik\/raivo\/wp-content\/uploads\/238-1024x795.png\" \/>\n<meta name=\"twitter:card\" content=\"summary_large_image\" \/>\n<meta name=\"twitter:label1\" content=\"Estimated reading time\" \/>\n\t<meta name=\"twitter:data1\" content=\"8 minutes\" \/>\n<script type=\"application\/ld+json\" class=\"yoast-schema-graph\">{\"@context\":\"https:\\\/\\\/schema.org\",\"@graph\":[{\"@type\":\"WebPage\",\"@id\":\"https:\\\/\\\/raivo.korstnik.eu\\\/naitused\\\/meri-ja-naised-viinistu-kunstimuuseumis\\\/\",\"url\":\"https:\\\/\\\/raivo.korstnik.eu\\\/naitused\\\/meri-ja-naised-viinistu-kunstimuuseumis\\\/\",\"name\":\"Meri ja naised. Viinistu Kunstimuuseumis - Raivo Korstnik\",\"isPartOf\":{\"@id\":\"https:\\\/\\\/raivo.korstnik.eu\\\/#website\"},\"primaryImageOfPage\":{\"@id\":\"https:\\\/\\\/raivo.korstnik.eu\\\/naitused\\\/meri-ja-naised-viinistu-kunstimuuseumis\\\/#primaryimage\"},\"image\":{\"@id\":\"https:\\\/\\\/raivo.korstnik.eu\\\/naitused\\\/meri-ja-naised-viinistu-kunstimuuseumis\\\/#primaryimage\"},\"thumbnailUrl\":\"https:\\\/\\\/www.lennuk.eu\\\/korstnik\\\/korstnik\\\/raivo\\\/wp-content\\\/uploads\\\/238-1024x795.png\",\"datePublished\":\"2021-07-09T18:41:58+00:00\",\"dateModified\":\"2021-07-09T19:11:49+00:00\",\"breadcrumb\":{\"@id\":\"https:\\\/\\\/raivo.korstnik.eu\\\/naitused\\\/meri-ja-naised-viinistu-kunstimuuseumis\\\/#breadcrumb\"},\"inLanguage\":\"en-GB\",\"potentialAction\":[{\"@type\":\"ReadAction\",\"target\":[\"https:\\\/\\\/raivo.korstnik.eu\\\/naitused\\\/meri-ja-naised-viinistu-kunstimuuseumis\\\/\"]}]},{\"@type\":\"ImageObject\",\"inLanguage\":\"en-GB\",\"@id\":\"https:\\\/\\\/raivo.korstnik.eu\\\/naitused\\\/meri-ja-naised-viinistu-kunstimuuseumis\\\/#primaryimage\",\"url\":\"https:\\\/\\\/www.lennuk.eu\\\/korstnik\\\/korstnik\\\/raivo\\\/wp-content\\\/uploads\\\/238-1024x795.png\",\"contentUrl\":\"https:\\\/\\\/www.lennuk.eu\\\/korstnik\\\/korstnik\\\/raivo\\\/wp-content\\\/uploads\\\/238-1024x795.png\"},{\"@type\":\"BreadcrumbList\",\"@id\":\"https:\\\/\\\/raivo.korstnik.eu\\\/naitused\\\/meri-ja-naised-viinistu-kunstimuuseumis\\\/#breadcrumb\",\"itemListElement\":[{\"@type\":\"ListItem\",\"position\":1,\"name\":\"Home\",\"item\":\"https:\\\/\\\/raivo.korstnik.eu\\\/\"},{\"@type\":\"ListItem\",\"position\":2,\"name\":\"N\u00e4itused\",\"item\":\"https:\\\/\\\/raivo.korstnik.eu\\\/naitused\\\/\"},{\"@type\":\"ListItem\",\"position\":3,\"name\":\"Meri ja naised. Viinistu Kunstimuuseumis\"}]},{\"@type\":\"WebSite\",\"@id\":\"https:\\\/\\\/raivo.korstnik.eu\\\/#website\",\"url\":\"https:\\\/\\\/raivo.korstnik.eu\\\/\",\"name\":\"Raivo Korstnik\",\"description\":\"\",\"potentialAction\":[{\"@type\":\"SearchAction\",\"target\":{\"@type\":\"EntryPoint\",\"urlTemplate\":\"https:\\\/\\\/raivo.korstnik.eu\\\/?s={search_term_string}\"},\"query-input\":{\"@type\":\"PropertyValueSpecification\",\"valueRequired\":true,\"valueName\":\"search_term_string\"}}],\"inLanguage\":\"en-GB\"}]}<\/script>\n<!-- \/ Yoast SEO plugin. -->","yoast_head_json":{"title":"Meri ja naised. Viinistu Kunstimuuseumis - Raivo Korstnik","robots":{"index":"index","follow":"follow","max-snippet":"max-snippet:-1","max-image-preview":"max-image-preview:large","max-video-preview":"max-video-preview:-1"},"canonical":"https:\/\/raivo.korstnik.eu\/en\/naitused\/meri-ja-naised-viinistu-kunstimuuseumis\/","og_locale":"en_GB","og_type":"article","og_title":"Meri ja naised. Viinistu Kunstimuuseumis - Raivo Korstnik","og_description":"Tagasivaates: Meri ja naised Viinistu Kunstimuuseumis 10.09.2017 \u2013 9.10-2017 P\u00fchap\u00e4eval kell 17:00 avatakse Viinistu Kunstimuuseumis Raivo Korstniku retrospektiivn\u00e4ituste sarja episood lll: \u201cTagasivaates &#8211; meri ja naised\u201d.85. juubeliaastale p\u00fchendatud n\u00e4ituste sari annab l\u00e4bil\u00f5ike Raivo Korstniku (1932-1992) loomingust 1950-ndate aastate l\u00f5pust kuni 1992. aastani. Suur osa eksponeeritavat loomingust j\u00f5uab avalikkuse ette esmakordselt &#8211; teosed p\u00e4rinevad kunstniku perekonna &hellip; Meri ja naised. Viinistu Kunstimuuseumis Read More &raquo;","og_url":"https:\/\/raivo.korstnik.eu\/en\/naitused\/meri-ja-naised-viinistu-kunstimuuseumis\/","og_site_name":"Raivo Korstnik","article_modified_time":"2021-07-09T19:11:49+00:00","og_image":[{"url":"https:\/\/www.lennuk.eu\/korstnik\/korstnik\/raivo\/wp-content\/uploads\/238-1024x795.png","type":"","width":"","height":""}],"twitter_card":"summary_large_image","twitter_misc":{"Estimated reading time":"8 minutes"},"schema":{"@context":"https:\/\/schema.org","@graph":[{"@type":"WebPage","@id":"https:\/\/raivo.korstnik.eu\/naitused\/meri-ja-naised-viinistu-kunstimuuseumis\/","url":"https:\/\/raivo.korstnik.eu\/naitused\/meri-ja-naised-viinistu-kunstimuuseumis\/","name":"Meri ja naised. Viinistu Kunstimuuseumis - Raivo Korstnik","isPartOf":{"@id":"https:\/\/raivo.korstnik.eu\/#website"},"primaryImageOfPage":{"@id":"https:\/\/raivo.korstnik.eu\/naitused\/meri-ja-naised-viinistu-kunstimuuseumis\/#primaryimage"},"image":{"@id":"https:\/\/raivo.korstnik.eu\/naitused\/meri-ja-naised-viinistu-kunstimuuseumis\/#primaryimage"},"thumbnailUrl":"https:\/\/www.lennuk.eu\/korstnik\/korstnik\/raivo\/wp-content\/uploads\/238-1024x795.png","datePublished":"2021-07-09T18:41:58+00:00","dateModified":"2021-07-09T19:11:49+00:00","breadcrumb":{"@id":"https:\/\/raivo.korstnik.eu\/naitused\/meri-ja-naised-viinistu-kunstimuuseumis\/#breadcrumb"},"inLanguage":"en-GB","potentialAction":[{"@type":"ReadAction","target":["https:\/\/raivo.korstnik.eu\/naitused\/meri-ja-naised-viinistu-kunstimuuseumis\/"]}]},{"@type":"ImageObject","inLanguage":"en-GB","@id":"https:\/\/raivo.korstnik.eu\/naitused\/meri-ja-naised-viinistu-kunstimuuseumis\/#primaryimage","url":"https:\/\/www.lennuk.eu\/korstnik\/korstnik\/raivo\/wp-content\/uploads\/238-1024x795.png","contentUrl":"https:\/\/www.lennuk.eu\/korstnik\/korstnik\/raivo\/wp-content\/uploads\/238-1024x795.png"},{"@type":"BreadcrumbList","@id":"https:\/\/raivo.korstnik.eu\/naitused\/meri-ja-naised-viinistu-kunstimuuseumis\/#breadcrumb","itemListElement":[{"@type":"ListItem","position":1,"name":"Home","item":"https:\/\/raivo.korstnik.eu\/"},{"@type":"ListItem","position":2,"name":"N\u00e4itused","item":"https:\/\/raivo.korstnik.eu\/naitused\/"},{"@type":"ListItem","position":3,"name":"Meri ja naised. Viinistu Kunstimuuseumis"}]},{"@type":"WebSite","@id":"https:\/\/raivo.korstnik.eu\/#website","url":"https:\/\/raivo.korstnik.eu\/","name":"Raivo Korstnik","description":"","potentialAction":[{"@type":"SearchAction","target":{"@type":"EntryPoint","urlTemplate":"https:\/\/raivo.korstnik.eu\/?s={search_term_string}"},"query-input":{"@type":"PropertyValueSpecification","valueRequired":true,"valueName":"search_term_string"}}],"inLanguage":"en-GB"}]}},"_links":{"self":[{"href":"https:\/\/raivo.korstnik.eu\/en\/wp-json\/wp\/v2\/pages\/3759","targetHints":{"allow":["GET"]}}],"collection":[{"href":"https:\/\/raivo.korstnik.eu\/en\/wp-json\/wp\/v2\/pages"}],"about":[{"href":"https:\/\/raivo.korstnik.eu\/en\/wp-json\/wp\/v2\/types\/page"}],"author":[{"embeddable":true,"href":"https:\/\/raivo.korstnik.eu\/en\/wp-json\/wp\/v2\/users\/1"}],"replies":[{"embeddable":true,"href":"https:\/\/raivo.korstnik.eu\/en\/wp-json\/wp\/v2\/comments?post=3759"}],"version-history":[{"count":5,"href":"https:\/\/raivo.korstnik.eu\/en\/wp-json\/wp\/v2\/pages\/3759\/revisions"}],"predecessor-version":[{"id":3810,"href":"https:\/\/raivo.korstnik.eu\/en\/wp-json\/wp\/v2\/pages\/3759\/revisions\/3810"}],"up":[{"embeddable":true,"href":"https:\/\/raivo.korstnik.eu\/en\/wp-json\/wp\/v2\/pages\/3645"}],"wp:attachment":[{"href":"https:\/\/raivo.korstnik.eu\/en\/wp-json\/wp\/v2\/media?parent=3759"}],"curies":[{"name":"wp","href":"https:\/\/api.w.org\/{rel}","templated":true}]}}