{"id":3781,"date":"2021-07-09T18:51:32","date_gmt":"2021-07-09T18:51:32","guid":{"rendered":"https:\/\/www.lennuk.eu\/korstnik\/korstnik\/raivo\/?page_id=3781"},"modified":"2023-06-01T19:48:54","modified_gmt":"2023-06-01T19:48:54","slug":"kohvikus-fellin","status":"publish","type":"page","link":"https:\/\/raivo.korstnik.eu\/en\/naitused\/kohvikus-fellin\/","title":{"rendered":"Raivo Korstniku teosed kohvikus Fellin"},"content":{"rendered":"<div data-elementor-type=\"wp-page\" data-elementor-id=\"3781\" class=\"elementor elementor-3781\">\n\t\t\t\t\t\t<section class=\"elementor-section elementor-top-section elementor-element elementor-element-24cb419 elementor-section-boxed elementor-section-height-default elementor-section-height-default\" data-id=\"24cb419\" data-element_type=\"section\" data-e-type=\"section\">\n\t\t\t\t\t\t<div class=\"elementor-container elementor-column-gap-default\">\n\t\t\t\t\t<div class=\"elementor-column elementor-col-100 elementor-top-column elementor-element elementor-element-72fdce07\" data-id=\"72fdce07\" data-element_type=\"column\" data-e-type=\"column\">\n\t\t\t<div class=\"elementor-widget-wrap elementor-element-populated\">\n\t\t\t\t\t\t<div class=\"elementor-element elementor-element-6aafefdb elementor-invisible elementor-widget elementor-widget-heading\" data-id=\"6aafefdb\" data-element_type=\"widget\" data-e-type=\"widget\" data-settings=\"{&quot;_animation&quot;:&quot;fadeInLeft&quot;}\" data-widget_type=\"heading.default\">\n\t\t\t\t<div class=\"elementor-widget-container\">\n\t\t\t\t\t<h1 class=\"elementor-heading-title elementor-size-default\">Raivo Korstnik. V\u00e4ljapanek kohvikus<\/h1>\t\t\t\t<\/div>\n\t\t\t\t<\/div>\n\t\t\t\t<div class=\"elementor-element elementor-element-3373ebc3 elementor-invisible elementor-widget elementor-widget-heading\" data-id=\"3373ebc3\" data-element_type=\"widget\" data-e-type=\"widget\" data-settings=\"{&quot;_animation&quot;:&quot;fadeInLeft&quot;}\" data-widget_type=\"heading.default\">\n\t\t\t\t<div class=\"elementor-widget-container\">\n\t\t\t\t\t<h2 class=\"elementor-heading-title elementor-size-default\">Viljandis kohvikus \u201eFellin\u201d 28.01.2018 \u2013 28.02.2018<\/h2>\t\t\t\t<\/div>\n\t\t\t\t<\/div>\n\t\t\t\t\t<\/div>\n\t\t<\/div>\n\t\t\t\t\t<\/div>\n\t\t<\/section>\n\t\t\t\t<section class=\"elementor-section elementor-top-section elementor-element elementor-element-4bc70a elementor-section-boxed elementor-section-height-default elementor-section-height-default\" data-id=\"4bc70a\" data-element_type=\"section\" data-e-type=\"section\">\n\t\t\t\t\t\t<div class=\"elementor-container elementor-column-gap-default\">\n\t\t\t\t\t<div class=\"elementor-column elementor-col-50 elementor-top-column elementor-element elementor-element-7d9527be\" data-id=\"7d9527be\" data-element_type=\"column\" data-e-type=\"column\">\n\t\t\t<div class=\"elementor-widget-wrap elementor-element-populated\">\n\t\t\t\t\t\t<div class=\"elementor-element elementor-element-3c29eea0 elementor-widget elementor-widget-text-editor\" data-id=\"3c29eea0\" data-element_type=\"widget\" data-e-type=\"widget\" data-widget_type=\"text-editor.default\">\n\t\t\t\t<div class=\"elementor-widget-container\">\n\t\t\t\t\t\t\t\t\t<p><strong>28. jaanuaril avati Raivo Korstniku maalide v\u00e4ljapanek Viljandi kohvikus Fellin.<\/strong><\/p><p>Raivo Korstnik, tuntud kui n\u00f5ukogudeaegne m\u00fcstiline erak, kes m\u00e4ssas v\u00f5imu vastu ja katsetas alati n\u00e4rvide piiri peal ja erinevate \u017eanritega. Kunstniku 80&#8217;date aastate loomingut n\u00e4gi Fellini seintel kuu aega.<\/p><p><strong>Kajastus:<\/strong><br \/><a href=\"https:\/\/www.instagram.com\/p\/Behw22JFc87\/\">https:\/\/www.instagram.com\/p\/Behw22JFc87\/<\/a><\/p>\t\t\t\t\t\t\t\t<\/div>\n\t\t\t\t<\/div>\n\t\t\t\t\t<\/div>\n\t\t<\/div>\n\t\t\t\t<div class=\"elementor-column elementor-col-50 elementor-top-column elementor-element elementor-element-2036e35c\" data-id=\"2036e35c\" data-element_type=\"column\" data-e-type=\"column\">\n\t\t\t<div class=\"elementor-widget-wrap elementor-element-populated\">\n\t\t\t\t\t\t<div class=\"elementor-element elementor-element-4373d6ff elementor-widget elementor-widget-image\" data-id=\"4373d6ff\" data-element_type=\"widget\" data-e-type=\"widget\" data-widget_type=\"image.default\">\n\t\t\t\t<div class=\"elementor-widget-container\">\n\t\t\t\t\t\t\t\t\t\t\t\t\t\t\t<img fetchpriority=\"high\" decoding=\"async\" width=\"824\" height=\"1030\" src=\"https:\/\/raivo.korstnik.eu\/wp-content\/uploads\/27573796_596031634068807_2943527304845852672_n-824x1030.jpg\" class=\"attachment-large size-large wp-image-3792\" alt=\"\" srcset=\"https:\/\/raivo.korstnik.eu\/wp-content\/uploads\/27573796_596031634068807_2943527304845852672_n-824x1030.jpg 824w, https:\/\/raivo.korstnik.eu\/wp-content\/uploads\/27573796_596031634068807_2943527304845852672_n-600x750.jpg 600w, https:\/\/raivo.korstnik.eu\/wp-content\/uploads\/27573796_596031634068807_2943527304845852672_n-240x300.jpg 240w, https:\/\/raivo.korstnik.eu\/wp-content\/uploads\/27573796_596031634068807_2943527304845852672_n-768x960.jpg 768w, https:\/\/raivo.korstnik.eu\/wp-content\/uploads\/27573796_596031634068807_2943527304845852672_n.jpg 1080w\" sizes=\"(max-width: 824px) 100vw, 824px\" \/>\t\t\t\t\t\t\t\t\t\t\t\t\t\t\t<\/div>\n\t\t\t\t<\/div>\n\t\t\t\t\t<\/div>\n\t\t<\/div>\n\t\t\t\t\t<\/div>\n\t\t<\/section>\n\t\t\t\t<section class=\"elementor-section elementor-top-section elementor-element elementor-element-71bf1707 elementor-section-boxed elementor-section-height-default elementor-section-height-default\" data-id=\"71bf1707\" data-element_type=\"section\" data-e-type=\"section\">\n\t\t\t\t\t\t<div class=\"elementor-container elementor-column-gap-default\">\n\t\t\t\t\t<div class=\"elementor-column elementor-col-100 elementor-top-column elementor-element elementor-element-772ed187\" data-id=\"772ed187\" data-element_type=\"column\" data-e-type=\"column\">\n\t\t\t<div class=\"elementor-widget-wrap elementor-element-populated\">\n\t\t\t\t\t\t<div class=\"elementor-element elementor-element-4d41ac8b elementor-widget elementor-widget-text-editor\" data-id=\"4d41ac8b\" data-element_type=\"widget\" data-e-type=\"widget\" data-widget_type=\"text-editor.default\">\n\t\t\t\t<div class=\"elementor-widget-container\">\n\t\t\t\t\t\t\t\t\t<h3>N\u00e4itusel olid teosed:<\/h3><p><div class=\"woocommerce columns-4\"><ul class=\"products columns-4\">\n<li class=\"product type-product post-2738 status-publish first instock product_cat-moodne product_cat-aktid product_cat-figuraalne product_cat-portreed-ja-aktid product_tag-akt product_tag-kohvikus-fellin product_tag-meri-ja-naised-viinistu-kunstimuuseumis product_tag-moodne product_tag-perekogu product_tag-raamil product_tag-raamitud product_tag-salongis-ja-ateljees-solaris-galerii product_tag-sotsrealismist-modernismini-avangardis product_tag-tagasivaates-fahle-galeriis product_tag-tartu-tanavatel-tartu-kunstimajas has-post-thumbnail shipping-taxable product-type-simple\">\n\t<a href=\"https:\/\/raivo.korstnik.eu\/en\/kataloog\/600\/\" class=\"woocommerce-LoopProduct-link woocommerce-loop-product__link\"><img decoding=\"async\" width=\"600\" height=\"600\" src=\"https:\/\/raivo.korstnik.eu\/wp-content\/uploads\/189-1-600x600.png\" class=\"attachment-woocommerce_thumbnail size-woocommerce_thumbnail\" alt=\"Trepp\" srcset=\"https:\/\/raivo.korstnik.eu\/wp-content\/uploads\/189-1-600x600.png 600w, https:\/\/raivo.korstnik.eu\/wp-content\/uploads\/189-1-100x100.png 100w\" sizes=\"(max-width: 600px) 100vw, 600px\" \/><h2 class=\"woocommerce-loop-product__title\">Trepp<\/h2><\/a><\/li>\n<li class=\"product type-product post-2888 status-publish instock product_cat-aktid product_cat-figuraalne product_cat-portreed-ja-aktid product_tag-akt product_tag-kohvikus-fellin product_tag-meri-ja-naised-viinistu-kunstimuuseumis product_tag-perekogu product_tag-raamil product_tag-salongis-ja-ateljees-solaris-galerii product_tag-tagasivaates-fahle-galeriis product_tag-tartu-tanavatel-tartu-kunstimajas has-post-thumbnail shipping-taxable product-type-simple\">\n\t<a href=\"https:\/\/raivo.korstnik.eu\/en\/kataloog\/610\/\" class=\"woocommerce-LoopProduct-link woocommerce-loop-product__link\"><img decoding=\"async\" width=\"600\" height=\"600\" src=\"https:\/\/raivo.korstnik.eu\/wp-content\/uploads\/239-600x600.png\" class=\"attachment-woocommerce_thumbnail size-woocommerce_thumbnail\" alt=\"Akt kollasel\" srcset=\"https:\/\/raivo.korstnik.eu\/wp-content\/uploads\/239-600x600.png 600w, https:\/\/raivo.korstnik.eu\/wp-content\/uploads\/239-100x100.png 100w\" sizes=\"(max-width: 600px) 100vw, 600px\" \/><h2 class=\"woocommerce-loop-product__title\">Akt kollasel<\/h2><\/a><\/li>\n<li class=\"product type-product post-2735 status-publish instock product_cat-moodne product_cat-kompositsioonid product_tag-kohvikus-fellin product_tag-kompositsioon product_tag-meri-ja-naised-viinistu-kunstimuuseumis product_tag-moodne product_tag-perekogu product_tag-raamil product_tag-raamitud product_tag-tagasivaates-fahle-galeriis product_tag-tartu-tanavatel-tartu-kunstimajas has-post-thumbnail shipping-taxable product-type-simple\">\n\t<a href=\"https:\/\/raivo.korstnik.eu\/en\/kataloog\/290\/\" class=\"woocommerce-LoopProduct-link woocommerce-loop-product__link\"><img loading=\"lazy\" decoding=\"async\" width=\"600\" height=\"600\" src=\"https:\/\/raivo.korstnik.eu\/wp-content\/uploads\/191-600x600.png\" class=\"attachment-woocommerce_thumbnail size-woocommerce_thumbnail\" alt=\"Esemed\" srcset=\"https:\/\/raivo.korstnik.eu\/wp-content\/uploads\/191-600x600.png 600w, https:\/\/raivo.korstnik.eu\/wp-content\/uploads\/191-100x100.png 100w\" sizes=\"(max-width: 600px) 100vw, 600px\" \/><h2 class=\"woocommerce-loop-product__title\">Esemed<\/h2><\/a><\/li>\n<li class=\"product type-product post-1885 status-publish last instock product_cat-moodne product_tag-70x50 product_tag-figuraalne product_tag-kavand product_tag-kohvikus-fellin product_tag-moodne product_tag-perekogu product_tag-raamitud product_tag-salongis-ja-ateljees-solaris-galerii product_tag-sotsrealismist-modernismini-avangardis product_tag-tagasivaates-fahle-galeriis product_tag-tartu-tanavatel-tartu-kunstimajas has-post-thumbnail shipping-taxable product-type-simple\">\n\t<a href=\"https:\/\/raivo.korstnik.eu\/en\/kataloog\/332\/\" class=\"woocommerce-LoopProduct-link woocommerce-loop-product__link\"><img loading=\"lazy\" decoding=\"async\" width=\"600\" height=\"600\" src=\"https:\/\/raivo.korstnik.eu\/wp-content\/uploads\/40-600x600.png\" class=\"attachment-woocommerce_thumbnail size-woocommerce_thumbnail\" alt=\"T\u00e4nav, kavand\" srcset=\"https:\/\/raivo.korstnik.eu\/wp-content\/uploads\/40-600x600.png 600w, https:\/\/raivo.korstnik.eu\/wp-content\/uploads\/40-100x100.png 100w, https:\/\/raivo.korstnik.eu\/wp-content\/uploads\/40-150x150.png 150w\" sizes=\"(max-width: 600px) 100vw, 600px\" \/><h2 class=\"woocommerce-loop-product__title\">T\u00e4nav, kavand<\/h2><\/a><\/li>\n<li class=\"product type-product post-1884 status-publish first instock product_cat-moodne product_cat-maastikud product_tag-50x40 product_tag-kohvikus-fellin product_tag-maastik product_tag-maed product_tag-perekogu product_tag-tagasivaates-fahle-galeriis product_tag-tartu-tanavatel-tartu-kunstimajas has-post-thumbnail shipping-taxable product-type-simple\">\n\t<a href=\"https:\/\/raivo.korstnik.eu\/en\/kataloog\/200\/\" class=\"woocommerce-LoopProduct-link woocommerce-loop-product__link\"><img loading=\"lazy\" decoding=\"async\" width=\"600\" height=\"600\" src=\"https:\/\/raivo.korstnik.eu\/wp-content\/uploads\/39-600x600.png\" class=\"attachment-woocommerce_thumbnail size-woocommerce_thumbnail\" alt=\"Kaljud\" srcset=\"https:\/\/raivo.korstnik.eu\/wp-content\/uploads\/39-600x600.png 600w, https:\/\/raivo.korstnik.eu\/wp-content\/uploads\/39-100x100.png 100w, https:\/\/raivo.korstnik.eu\/wp-content\/uploads\/39-150x150.png 150w\" sizes=\"(max-width: 600px) 100vw, 600px\" \/><h2 class=\"woocommerce-loop-product__title\">Kaljud<\/h2><\/a><\/li>\n<li class=\"product type-product post-2272 status-publish outofstock product_cat-moodne product_cat-eesti-kunstimuuseumi-kogu product_cat-maastikud product_tag-kohvikus-fellin product_tag-kumu product_tag-maastik product_tag-meri-ja-naised-viinistu-kunstimuuseumis product_tag-tagasivaates-fahle-galeriis has-post-thumbnail shipping-taxable product-type-simple\">\n\t<a href=\"https:\/\/raivo.korstnik.eu\/en\/kataloog\/271\/\" class=\"woocommerce-LoopProduct-link woocommerce-loop-product__link\"><img loading=\"lazy\" decoding=\"async\" width=\"600\" height=\"600\" src=\"https:\/\/raivo.korstnik.eu\/wp-content\/uploads\/RK271_EKM59336-600x600.jpg\" class=\"attachment-woocommerce_thumbnail size-woocommerce_thumbnail\" alt=\"Mere\u00e4\u00e4rne\" srcset=\"https:\/\/raivo.korstnik.eu\/wp-content\/uploads\/RK271_EKM59336-600x600.jpg 600w, https:\/\/raivo.korstnik.eu\/wp-content\/uploads\/RK271_EKM59336-100x100.jpg 100w, https:\/\/raivo.korstnik.eu\/wp-content\/uploads\/RK271_EKM59336-80x80.jpg 80w\" sizes=\"(max-width: 600px) 100vw, 600px\" \/><h2 class=\"woocommerce-loop-product__title\">Mere\u00e4\u00e4rne<\/h2><\/a><\/li>\n<\/ul>\n<\/div><\/p>\t\t\t\t\t\t\t\t<\/div>\n\t\t\t\t<\/div>\n\t\t\t\t\t<\/div>\n\t\t<\/div>\n\t\t\t\t\t<\/div>\n\t\t<\/section>\n\t\t\t\t<\/div>","protected":false},"excerpt":{"rendered":"<p>Raivo Korstnik. V\u00e4ljapanek kohvikus Viljandis kohvikus \u201eFellin\u201d 28.01.2018 \u2013 28.02.2018 28. jaanuaril avati Raivo Korstniku maalide v\u00e4ljapanek Viljandi kohvikus Fellin. Raivo Korstnik, tuntud kui n\u00f5ukogudeaegne m\u00fcstiline erak, kes m\u00e4ssas v\u00f5imu vastu ja katsetas alati n\u00e4rvide piiri peal ja erinevate \u017eanritega. Kunstniku 80&#8217;date aastate loomingut n\u00e4gi Fellini seintel kuu aega. Kajastus:https:\/\/www.instagram.com\/p\/Behw22JFc87\/ N\u00e4itusel olid teosed:<\/p>","protected":false},"author":1,"featured_media":0,"parent":3645,"menu_order":0,"comment_status":"closed","ping_status":"closed","template":"","meta":{"footnotes":""},"class_list":["post-3781","page","type-page","status-publish","hentry"],"yoast_head":"<!-- This site is optimized with the Yoast SEO plugin v27.5 - https:\/\/yoast.com\/product\/yoast-seo-wordpress\/ -->\n<title>Raivo Korstniku teosed kohvikus Fellin - Raivo Korstnik<\/title>\n<meta name=\"robots\" content=\"index, follow, max-snippet:-1, max-image-preview:large, max-video-preview:-1\" \/>\n<link rel=\"canonical\" href=\"https:\/\/raivo.korstnik.eu\/en\/naitused\/kohvikus-fellin\/\" \/>\n<meta property=\"og:locale\" content=\"en_GB\" \/>\n<meta property=\"og:type\" content=\"article\" \/>\n<meta property=\"og:title\" content=\"Raivo Korstniku teosed kohvikus Fellin - Raivo Korstnik\" \/>\n<meta property=\"og:description\" content=\"Raivo Korstnik. V\u00e4ljapanek kohvikus Viljandis kohvikus \u201eFellin\u201d 28.01.2018 \u2013 28.02.2018 28. jaanuaril avati Raivo Korstniku maalide v\u00e4ljapanek Viljandi kohvikus Fellin. Raivo Korstnik, tuntud kui n\u00f5ukogudeaegne m\u00fcstiline erak, kes m\u00e4ssas v\u00f5imu vastu ja katsetas alati n\u00e4rvide piiri peal ja erinevate \u017eanritega. Kunstniku 80&#8217;date aastate loomingut n\u00e4gi Fellini seintel kuu aega. Kajastus:https:\/\/www.instagram.com\/p\/Behw22JFc87\/ N\u00e4itusel olid teosed:\" \/>\n<meta property=\"og:url\" content=\"https:\/\/raivo.korstnik.eu\/en\/naitused\/kohvikus-fellin\/\" \/>\n<meta property=\"og:site_name\" content=\"Raivo Korstnik\" \/>\n<meta property=\"article:modified_time\" content=\"2023-06-01T19:48:54+00:00\" \/>\n<meta property=\"og:image\" content=\"https:\/\/www.lennuk.eu\/korstnik\/korstnik\/raivo\/wp-content\/uploads\/27573796_596031634068807_2943527304845852672_n-824x1030.jpg\" \/>\n<meta name=\"twitter:card\" content=\"summary_large_image\" \/>\n<meta name=\"twitter:label1\" content=\"Estimated reading time\" \/>\n\t<meta name=\"twitter:data1\" content=\"2 minutes\" \/>\n<script type=\"application\/ld+json\" class=\"yoast-schema-graph\">{\"@context\":\"https:\\\/\\\/schema.org\",\"@graph\":[{\"@type\":\"WebPage\",\"@id\":\"https:\\\/\\\/raivo.korstnik.eu\\\/naitused\\\/kohvikus-fellin\\\/\",\"url\":\"https:\\\/\\\/raivo.korstnik.eu\\\/naitused\\\/kohvikus-fellin\\\/\",\"name\":\"Raivo Korstniku teosed kohvikus Fellin - Raivo Korstnik\",\"isPartOf\":{\"@id\":\"https:\\\/\\\/raivo.korstnik.eu\\\/#website\"},\"primaryImageOfPage\":{\"@id\":\"https:\\\/\\\/raivo.korstnik.eu\\\/naitused\\\/kohvikus-fellin\\\/#primaryimage\"},\"image\":{\"@id\":\"https:\\\/\\\/raivo.korstnik.eu\\\/naitused\\\/kohvikus-fellin\\\/#primaryimage\"},\"thumbnailUrl\":\"https:\\\/\\\/www.lennuk.eu\\\/korstnik\\\/korstnik\\\/raivo\\\/wp-content\\\/uploads\\\/27573796_596031634068807_2943527304845852672_n-824x1030.jpg\",\"datePublished\":\"2021-07-09T18:51:32+00:00\",\"dateModified\":\"2023-06-01T19:48:54+00:00\",\"breadcrumb\":{\"@id\":\"https:\\\/\\\/raivo.korstnik.eu\\\/naitused\\\/kohvikus-fellin\\\/#breadcrumb\"},\"inLanguage\":\"en-GB\",\"potentialAction\":[{\"@type\":\"ReadAction\",\"target\":[\"https:\\\/\\\/raivo.korstnik.eu\\\/naitused\\\/kohvikus-fellin\\\/\"]}]},{\"@type\":\"ImageObject\",\"inLanguage\":\"en-GB\",\"@id\":\"https:\\\/\\\/raivo.korstnik.eu\\\/naitused\\\/kohvikus-fellin\\\/#primaryimage\",\"url\":\"https:\\\/\\\/www.lennuk.eu\\\/korstnik\\\/korstnik\\\/raivo\\\/wp-content\\\/uploads\\\/27573796_596031634068807_2943527304845852672_n-824x1030.jpg\",\"contentUrl\":\"https:\\\/\\\/www.lennuk.eu\\\/korstnik\\\/korstnik\\\/raivo\\\/wp-content\\\/uploads\\\/27573796_596031634068807_2943527304845852672_n-824x1030.jpg\"},{\"@type\":\"BreadcrumbList\",\"@id\":\"https:\\\/\\\/raivo.korstnik.eu\\\/naitused\\\/kohvikus-fellin\\\/#breadcrumb\",\"itemListElement\":[{\"@type\":\"ListItem\",\"position\":1,\"name\":\"Home\",\"item\":\"https:\\\/\\\/raivo.korstnik.eu\\\/\"},{\"@type\":\"ListItem\",\"position\":2,\"name\":\"N\u00e4itused\",\"item\":\"https:\\\/\\\/raivo.korstnik.eu\\\/naitused\\\/\"},{\"@type\":\"ListItem\",\"position\":3,\"name\":\"Raivo Korstniku teosed kohvikus Fellin\"}]},{\"@type\":\"WebSite\",\"@id\":\"https:\\\/\\\/raivo.korstnik.eu\\\/#website\",\"url\":\"https:\\\/\\\/raivo.korstnik.eu\\\/\",\"name\":\"Raivo Korstnik\",\"description\":\"\",\"potentialAction\":[{\"@type\":\"SearchAction\",\"target\":{\"@type\":\"EntryPoint\",\"urlTemplate\":\"https:\\\/\\\/raivo.korstnik.eu\\\/?s={search_term_string}\"},\"query-input\":{\"@type\":\"PropertyValueSpecification\",\"valueRequired\":true,\"valueName\":\"search_term_string\"}}],\"inLanguage\":\"en-GB\"}]}<\/script>\n<!-- \/ Yoast SEO plugin. -->","yoast_head_json":{"title":"Raivo Korstniku teosed kohvikus Fellin - Raivo Korstnik","robots":{"index":"index","follow":"follow","max-snippet":"max-snippet:-1","max-image-preview":"max-image-preview:large","max-video-preview":"max-video-preview:-1"},"canonical":"https:\/\/raivo.korstnik.eu\/en\/naitused\/kohvikus-fellin\/","og_locale":"en_GB","og_type":"article","og_title":"Raivo Korstniku teosed kohvikus Fellin - Raivo Korstnik","og_description":"Raivo Korstnik. V\u00e4ljapanek kohvikus Viljandis kohvikus \u201eFellin\u201d 28.01.2018 \u2013 28.02.2018 28. jaanuaril avati Raivo Korstniku maalide v\u00e4ljapanek Viljandi kohvikus Fellin. Raivo Korstnik, tuntud kui n\u00f5ukogudeaegne m\u00fcstiline erak, kes m\u00e4ssas v\u00f5imu vastu ja katsetas alati n\u00e4rvide piiri peal ja erinevate \u017eanritega. Kunstniku 80&#8217;date aastate loomingut n\u00e4gi Fellini seintel kuu aega. Kajastus:https:\/\/www.instagram.com\/p\/Behw22JFc87\/ N\u00e4itusel olid teosed:","og_url":"https:\/\/raivo.korstnik.eu\/en\/naitused\/kohvikus-fellin\/","og_site_name":"Raivo Korstnik","article_modified_time":"2023-06-01T19:48:54+00:00","og_image":[{"url":"https:\/\/www.lennuk.eu\/korstnik\/korstnik\/raivo\/wp-content\/uploads\/27573796_596031634068807_2943527304845852672_n-824x1030.jpg","type":"","width":"","height":""}],"twitter_card":"summary_large_image","twitter_misc":{"Estimated reading time":"2 minutes"},"schema":{"@context":"https:\/\/schema.org","@graph":[{"@type":"WebPage","@id":"https:\/\/raivo.korstnik.eu\/naitused\/kohvikus-fellin\/","url":"https:\/\/raivo.korstnik.eu\/naitused\/kohvikus-fellin\/","name":"Raivo Korstniku teosed kohvikus Fellin - Raivo Korstnik","isPartOf":{"@id":"https:\/\/raivo.korstnik.eu\/#website"},"primaryImageOfPage":{"@id":"https:\/\/raivo.korstnik.eu\/naitused\/kohvikus-fellin\/#primaryimage"},"image":{"@id":"https:\/\/raivo.korstnik.eu\/naitused\/kohvikus-fellin\/#primaryimage"},"thumbnailUrl":"https:\/\/www.lennuk.eu\/korstnik\/korstnik\/raivo\/wp-content\/uploads\/27573796_596031634068807_2943527304845852672_n-824x1030.jpg","datePublished":"2021-07-09T18:51:32+00:00","dateModified":"2023-06-01T19:48:54+00:00","breadcrumb":{"@id":"https:\/\/raivo.korstnik.eu\/naitused\/kohvikus-fellin\/#breadcrumb"},"inLanguage":"en-GB","potentialAction":[{"@type":"ReadAction","target":["https:\/\/raivo.korstnik.eu\/naitused\/kohvikus-fellin\/"]}]},{"@type":"ImageObject","inLanguage":"en-GB","@id":"https:\/\/raivo.korstnik.eu\/naitused\/kohvikus-fellin\/#primaryimage","url":"https:\/\/www.lennuk.eu\/korstnik\/korstnik\/raivo\/wp-content\/uploads\/27573796_596031634068807_2943527304845852672_n-824x1030.jpg","contentUrl":"https:\/\/www.lennuk.eu\/korstnik\/korstnik\/raivo\/wp-content\/uploads\/27573796_596031634068807_2943527304845852672_n-824x1030.jpg"},{"@type":"BreadcrumbList","@id":"https:\/\/raivo.korstnik.eu\/naitused\/kohvikus-fellin\/#breadcrumb","itemListElement":[{"@type":"ListItem","position":1,"name":"Home","item":"https:\/\/raivo.korstnik.eu\/"},{"@type":"ListItem","position":2,"name":"N\u00e4itused","item":"https:\/\/raivo.korstnik.eu\/naitused\/"},{"@type":"ListItem","position":3,"name":"Raivo Korstniku teosed kohvikus Fellin"}]},{"@type":"WebSite","@id":"https:\/\/raivo.korstnik.eu\/#website","url":"https:\/\/raivo.korstnik.eu\/","name":"Raivo Korstnik","description":"","potentialAction":[{"@type":"SearchAction","target":{"@type":"EntryPoint","urlTemplate":"https:\/\/raivo.korstnik.eu\/?s={search_term_string}"},"query-input":{"@type":"PropertyValueSpecification","valueRequired":true,"valueName":"search_term_string"}}],"inLanguage":"en-GB"}]}},"_links":{"self":[{"href":"https:\/\/raivo.korstnik.eu\/en\/wp-json\/wp\/v2\/pages\/3781","targetHints":{"allow":["GET"]}}],"collection":[{"href":"https:\/\/raivo.korstnik.eu\/en\/wp-json\/wp\/v2\/pages"}],"about":[{"href":"https:\/\/raivo.korstnik.eu\/en\/wp-json\/wp\/v2\/types\/page"}],"author":[{"embeddable":true,"href":"https:\/\/raivo.korstnik.eu\/en\/wp-json\/wp\/v2\/users\/1"}],"replies":[{"embeddable":true,"href":"https:\/\/raivo.korstnik.eu\/en\/wp-json\/wp\/v2\/comments?post=3781"}],"version-history":[{"count":5,"href":"https:\/\/raivo.korstnik.eu\/en\/wp-json\/wp\/v2\/pages\/3781\/revisions"}],"predecessor-version":[{"id":4249,"href":"https:\/\/raivo.korstnik.eu\/en\/wp-json\/wp\/v2\/pages\/3781\/revisions\/4249"}],"up":[{"embeddable":true,"href":"https:\/\/raivo.korstnik.eu\/en\/wp-json\/wp\/v2\/pages\/3645"}],"wp:attachment":[{"href":"https:\/\/raivo.korstnik.eu\/en\/wp-json\/wp\/v2\/media?parent=3781"}],"curies":[{"name":"wp","href":"https:\/\/api.w.org\/{rel}","templated":true}]}}